{"id":1100,"date":"2021-01-29T10:49:44","date_gmt":"2021-01-29T10:49:44","guid":{"rendered":" https:\/\/laescuelaloprimero.cotec.es\/lelp1\/?page_id=1100"},"modified":"2021-02-22T15:19:19","modified_gmt":"2021-02-22T15:19:19","slug":"quedada","status":"publish","type":"page","link":"https:\/\/laescuelaloprimero.cotec.es\/lelp1\/quedada\/","title":{"rendered":"Quedada"},"content":{"rendered":"<p>[vc_row gap=\u00bb5&#8243; content_placement=\u00bbmiddle\u00bb css=\u00bb.vc_custom_1612169896878{margin-top: -50px !important;margin-left: -2px !important;padding-top: 10px !important;}\u00bb][vc_column css=\u00bb.vc_custom_1612196578305{background-position: center !important;background-repeat: no-repeat !important;background-size: contain !important;}\u00bb el_class=\u00bbtitu\u00bb offset=\u00bbvc_hidden-xs\u00bb]<div id=\"ultimate-heading-458069ef4da3ea6cc\" class=\"uvc-heading ult-adjust-bottom-margin ultimate-heading-458069ef4da3ea6cc uvc-1198 subb\" data-hspacer=\"no_spacer\"  data-halign=\"left\" style=\"text-align:left\"><div class=\"uvc-heading-spacer no_spacer\" style=\"top\"><\/div><div class=\"uvc-sub-heading ult-responsive\"  data-ultimate-target='.uvc-heading.ultimate-heading-458069ef4da3ea6cc .uvc-sub-heading '  data-responsive-json-new='{\"font-size\":\"desktop:78px;tablet_portrait:70px;mobile:50px;\",\"line-height\":\"desktop:97px;tablet_portrait:83px;mobile:64px;\"}'  style=\"font-weight:normal;color:#000000;margin-top:-15px;margin-bottom:40px;\"><span style=\"font-family: champion-htf-middle;\"><mark>QUEDADA \u2018LA ESCUELA, LO PRIMERO\u2019<\/mark><\/span><\/div><\/div>[\/vc_column][\/vc_row][vc_row gap=\u00bb5&#8243; content_placement=\u00bbmiddle\u00bb css=\u00bb.vc_custom_1612169896878{margin-top: -50px !important;margin-left: -2px !important;padding-top: 10px !important;}\u00bb][vc_column css=\u00bb.vc_custom_1612196713926{background-position: center !important;background-repeat: no-repeat !important;background-size: contain !important;}\u00bb el_class=\u00bbtitu\u00bb offset=\u00bbvc_hidden-lg vc_hidden-md vc_hidden-sm\u00bb][vc_column_text el_class=\u00bbverde\u00bb css=\u00bb.vc_custom_1612198748739{padding-top: 20px !important;}\u00bb]<\/p>\n<h2><span style=\"font-family: champion-htf-middle; font-size: 33px;\"><mark>QUEDADA \u2018LA ESCUELA, LO PRIMERO\u2019<\/mark><\/span><\/h2>\n<p>[\/vc_column_text][\/vc_column][\/vc_row][vc_row][vc_column][vc_empty_space height=\u00bb40px\u00bb][\/vc_column][\/vc_row][vc_row css=\u00bb.vc_custom_1612172952577{padding-left: 12px !important;}\u00bb][vc_column offset=\u00bbvc_hidden-xs\u00bb][vc_column_text el_class=\u00bbtitu\u00bb]<\/p>\n<h2><span style=\"font-family: champion-htf-middle; font-size: 29pt;\"><mark>COMPARTIENDO RETOS Y SOLUCIONES,<\/mark><\/span><br \/>\n<span style=\"font-family: champion-htf-middle; font-size: 29pt;\"><mark>CONSTRUYENDO LA ESCUELA QUE QUEREMOS<\/mark><\/span><\/h2>\n<p>[\/vc_column_text][\/vc_column][\/vc_row][vc_row css=\u00bb.vc_custom_1612172952577{padding-left: 12px !important;}\u00bb][vc_column offset=\u00bbvc_hidden-lg vc_hidden-md vc_hidden-sm\u00bb][vc_column_text el_class=\u00bbtitu\u00bb css=\u00bb.vc_custom_1612197694043{margin-top: -30px !important;}\u00bb]<\/p>\n<h3><span style=\"font-family: champion-htf-middle; font-size: 18pt;\"><mark>COMPARTIENDO RETOS Y SOLUCIONES, <\/mark><\/span><span style=\"font-family: champion-htf-middle; font-size: 18pt;\"><mark>CONSTRUYENDO LA ESCUELA QUE QUEREMOS<\/mark><\/span><\/h3>\n<p>[\/vc_column_text][\/vc_column][\/vc_row][vc_row][vc_column][vc_empty_space height=\u00bb1px\u00bb][\/vc_column][\/vc_row][vc_row css=\u00bb.vc_custom_1612196387426{padding-right: 5px !important;padding-left: 5px !important;}\u00bb][vc_column]<div id=\"ultimate-video-853169ef4da3ea723\" class=\"ult-video  ult-adjust-bottom-margin ultimate-video-853169ef4da3ea723 ultv-7029 \"><div class=\"ultv-video ultv-aspect-ratio-16_9 ultv-subscribe-responsive-none\" data-videotype=\"uv_iframe\">\n\t\t\t\t\t\t<div class=\"ultv-video__outer-wrap\" data-autoplay=\"0\" data-device=\"false\"  data-iconbg=\"#3A3A3A\" data-overcolor=\"\" data-defaultbg=\"#1f1f1e\" data-defaultplay=\"defaulticon\"><div class=\"ultv-video__play\" data-src=\"https:\/\/www.youtube.com\/embed\/UTWy0jW9kLw?rel=0&amp;start=127&amp;end&amp;controls=1&amp;mute=0&amp;modestbranding=0&amp;autoplay=1\">\n\t\t\t\t\t\t\t\t<img class=\"ultv-video__thumb\" src=\"https:\/\/i.ytimg.com\/vi\/UTWy0jW9kLw\/maxresdefault.jpg\"\/>\n\t\t\t\t\t\t\t\t<div class=\"ultv-video__play-icon  ultv-animation-none\" style=\"width:75px\"><svg height=\"100%\" version=\"1.1\" viewBox=\"0 0 68 48\" width=\"100%\"><path class=\"ultv-youtube-icon-bg\" d=\"m .66,37.62 c 0,0 .66,4.70 2.70,6.77 2.58,2.71 5.98,2.63 7.49,2.91 5.43,.52 23.10,.68 23.12,.68 .00,-1.3e-5 14.29,-0.02 23.81,-0.71 1.32,-0.15 4.22,-0.17 6.81,-2.89 2.03,-2.07 2.70,-6.77 2.70,-6.77 0,0 .67,-5.52 .67,-11.04 l 0,-5.17 c 0,-5.52 -0.67,-11.04 -0.67,-11.04 0,0 -0.66,-4.70 -2.70,-6.77 C 62.03,.86 59.13,.84 57.80,.69 48.28,0 34.00,0 34.00,0 33.97,0 19.69,0 10.18,.69 8.85,.84 5.95,.86 3.36,3.58 1.32,5.65 .66,10.35 .66,10.35 c 0,0 -0.55,4.50 -0.66,9.45 l 0,8.36 c .10,4.94 .66,9.45 .66,9.45 z\" fill=\"#1f1f1e\" ><\/path><path d=\"m 26.96,13.67 18.37,9.62 -18.37,9.55 -0.00,-19.17 z\" fill=\"#fff\"><\/path><path d=\"M 45.02,23.46 45.32,23.28 26.96,13.67 43.32,22.34 45.02,23.46 z\" fill=\"#ccc\"><\/path><\/svg><\/div> <\/div> <\/div><\/div><\/div>[\/vc_column][\/vc_row][vc_row][vc_column][vc_empty_space][vc_column_text css=\u00bb.vc_custom_1612200580446{padding-top: 10px !important;padding-right: 10px !important;padding-bottom: 10px !important;padding-left: 20px !important;background-color: #ffffff !important;}\u00bb]<strong>Por primera vez se re\u00fanen <mark>todos los integrantes de la comunidad de #LaEscuelaLoPrimero<\/mark> para repasar y compartir las reflexiones y soluciones que se han ido dise\u00f1ado en los \u00faltimos meses: informes, documentos de an\u00e1lisis y propuestas elaboradas por los profesores en los laboratorios de innovaci\u00f3n.<\/strong><\/p>\n<p><strong>\u00bfQu\u00e9 hemos hecho? \u00bfQu\u00e9 hemos aprendido? \u00bfC\u00f3mo nos est\u00e1 ayudando este proyecto a construir la escuela que queremos? Y \u00bfCu\u00e1les son los siguientes pasos que tomaremos a partir de ahora? <mark>Descubre las respuestas a todas estas cuestiones durante este encuentro<\/mark> de La Escuela, Lo Primero, un proyecto que no ha hecho m\u00e1s que empezar y tiene ya nuevos contenidos muy atractivos en marcha.<\/strong>[\/vc_column_text][\/vc_column][\/vc_row][vc_row][vc_column][vc_empty_space][\/vc_column][\/vc_row][vc_row css=\u00bb.vc_custom_1612172952577{padding-left: 12px !important;}\u00bb][vc_column][vc_column_text el_class=\u00bbazul\u00bb]<\/p>\n<h2><span style=\"font-family: champion-htf-middle; font-size: 29pt;\"><mark>AGENDA<\/mark><\/span><\/h2>\n<p>[\/vc_column_text][\/vc_column][\/vc_row][vc_row bg_type=\u00bbbg_color\u00bb bg_color_value=\u00bb#efc177&#8243; css=\u00bb.vc_custom_1612191888031{margin-left: 12px !important;}\u00bb][vc_column width=\u00bb1\/4&#8243; offset=\u00bbvc_hidden-xs\u00bb][vc_column_text]<strong>17:30 &#8211; 17:35 h.<\/strong>[\/vc_column_text][\/vc_column][vc_column width=\u00bb3\/4&#8243; offset=\u00bbvc_hidden-xs\u00bb][vc_column_text]<strong>Bienvenida y presentaci\u00f3n del proyecto<\/strong>[\/vc_column_text][\/vc_column][\/vc_row][vc_row bg_type=\u00bbbg_color\u00bb bg_color_value=\u00bb#efc177&#8243; css=\u00bb.vc_custom_1612191888031{margin-left: 12px !important;}\u00bb][vc_column offset=\u00bbvc_hidden-lg vc_hidden-md vc_hidden-sm\u00bb][vc_column_text]<strong>17:30 &#8211; 17:35 h.<br \/>\nBienvenida y presentaci\u00f3n del proyecto<\/strong>[\/vc_column_text][\/vc_column][\/vc_row][vc_row bg_type=\u00bbbg_color\u00bb css=\u00bb.vc_custom_1612192054766{margin-left: 10px !important;}\u00bb bg_color_value=\u00bb#ffffff\u00bb][vc_column width=\u00bb1\/4&#8243; offset=\u00bbvc_hidden-xs\u00bb][\/vc_column][vc_column width=\u00bb3\/4&#8243;][vc_column_text]<span style=\"font-size: 18pt;\"><strong>Jorge Barrero<\/strong><\/span><br \/>\n<span style=\"font-size: 18pt;\">Director general de Cotec<\/span>[\/vc_column_text][\/vc_column][\/vc_row][vc_row bg_type=\u00bbbg_color\u00bb bg_color_value=\u00bb#efc177&#8243; css=\u00bb.vc_custom_1612191888031{margin-left: 12px !important;}\u00bb][vc_column width=\u00bb1\/4&#8243; offset=\u00bbvc_hidden-xs\u00bb][vc_column_text]<strong>17:35 &#8211; 17:55 h<\/strong>[\/vc_column_text][\/vc_column][vc_column width=\u00bb3\/4&#8243; offset=\u00bbvc_hidden-xs\u00bb][vc_column_text]<strong>Mesa di\u00e1logo<\/strong><br \/>\n<strong>Aprendizaje tras el 2020: C\u00f3mo mejorar la escuela<\/strong>[\/vc_column_text][\/vc_column][\/vc_row][vc_row bg_type=\u00bbbg_color\u00bb bg_color_value=\u00bb#efc177&#8243; css=\u00bb.vc_custom_1612191888031{margin-left: 12px !important;}\u00bb][vc_column offset=\u00bbvc_hidden-lg vc_hidden-md vc_hidden-sm\u00bb][vc_column_text]<strong>17:35 &#8211; 17:55 h <\/strong><strong><br \/>\nMesa di\u00e1logo<br \/>\nAprendizaje tras el 2020: C\u00f3mo mejorar la escuela<\/strong>[\/vc_column_text][\/vc_column][\/vc_row][vc_row bg_type=\u00bbbg_color\u00bb css=\u00bb.vc_custom_1612192054766{margin-left: 10px !important;}\u00bb bg_color_value=\u00bb#ffffff\u00bb][vc_column width=\u00bb1\/4&#8243; offset=\u00bbvc_hidden-xs\u00bb][\/vc_column][vc_column width=\u00bb3\/4&#8243;][vc_column_text]<span style=\"font-size: 18pt;\"><strong>Lucas Gortazar<\/strong><\/span><\/p>\n<p><span style=\"font-size: 18pt;\">Responsable de Educaci\u00f3n de EsadeEcPol<\/span><\/p>\n<p><span style=\"font-size: 18pt;\"><strong>Alfredo Hernando<\/strong><\/span><\/p>\n<p><span style=\"font-size: 18pt;\">Experto en innovaci\u00f3n educativa del equipo \u2018La escuela, lo primero\u2019<\/span><\/p>\n<p><span style=\"font-size: 18pt;\"><strong>N\u00e9lida Zaitegui de Miguel<\/strong><\/span><\/p>\n<p><span style=\"font-size: 18pt;\">Maestra y pedagoga<\/span><\/p>\n<p><span style=\"font-size: 18pt;\"><strong>Mar S\u00e1nchez<\/strong><\/span><\/p>\n<p><span style=\"font-size: 18pt;\">Miembro del equipo directivo de la Escuela de Educaci\u00f3n Infantil Gaia<\/span><\/p>\n<p>&nbsp;<\/p>\n<p><span style=\"font-size: 18pt;\"><strong>Modera: <\/strong><\/span><\/p>\n<p><span style=\"font-size: 18pt;\"><strong>Ainara Zubillaga<\/strong><\/span><\/p>\n<p><span style=\"font-size: 18pt;\">Directora de Educaci\u00f3n de Cotec<\/span><\/p>\n<p>[\/vc_column_text][\/vc_column][\/vc_row][vc_row bg_type=\u00bbbg_color\u00bb bg_color_value=\u00bb#efc177&#8243; css=\u00bb.vc_custom_1612191888031{margin-left: 12px !important;}\u00bb][vc_column width=\u00bb1\/4&#8243; offset=\u00bbvc_hidden-xs\u00bb][vc_column_text]<strong>17:55 &#8211; 18:40 h<\/strong>[\/vc_column_text][\/vc_column][vc_column width=\u00bb3\/4&#8243; offset=\u00bbvc_hidden-xs\u00bb][vc_column_text]<strong>Presentaci\u00f3n de los retos de LELP<\/strong>[\/vc_column_text][\/vc_column][\/vc_row][vc_row bg_type=\u00bbbg_color\u00bb bg_color_value=\u00bb#efc177&#8243; css=\u00bb.vc_custom_1612191888031{margin-left: 12px !important;}\u00bb][vc_column offset=\u00bbvc_hidden-lg vc_hidden-md vc_hidden-sm\u00bb][vc_column_text]<strong>17:55 &#8211; 18:40 h<br \/>\nPresentaci\u00f3n de los retos de LELP<\/strong>[\/vc_column_text][\/vc_column][\/vc_row][vc_row bg_type=\u00bbbg_color\u00bb css=\u00bb.vc_custom_1612192054766{margin-left: 10px !important;}\u00bb bg_color_value=\u00bb#ffffff\u00bb][vc_column width=\u00bb1\/4&#8243; offset=\u00bbvc_hidden-xs\u00bb][\/vc_column][vc_column width=\u00bb3\/4&#8243;][vc_column_text]<span style=\"font-size: 18pt;\">Intervienen participantes de los laboratorios de \u2018La escuela, lo primero\u2019<\/span><\/p>\n<p><strong><span style=\"font-size: 18pt;\">Mar\u00eda Victoria Bentacor<\/span><\/strong><\/p>\n<p><span style=\"font-size: 18pt;\">Administradora del Centro del Profesorado Gran Canaria Sur<\/span><\/p>\n<p><strong><span style=\"font-size: 18pt;\">Jos\u00e9 Alberto Ram\u00edrez<\/span><\/strong><\/p>\n<p><span style=\"font-size: 18pt;\">Maestro de educaci\u00f3n infantil<\/span><\/p>\n<p><strong><span style=\"font-size: 18pt;\">Gemma Verd\u00fa<\/span><\/strong><\/p>\n<p><span style=\"font-size: 18pt;\">Maestra en La Miranda, Barcelona<\/span><\/p>\n<p><strong><span style=\"font-size: 18pt;\">Alberto Alameda<\/span><\/strong><\/p>\n<p><span style=\"font-size: 18pt;\">Maestro<\/span><\/p>\n<p>&nbsp;<\/p>\n<p><strong><span style=\"font-size: 18pt;\">Moderan:<\/span><\/strong><\/p>\n<p><strong><span style=\"font-size: 18pt;\">Ana Municio<\/span><\/strong><\/p>\n<p><span style=\"font-size: 18pt;\">Facilitadora en innovaci\u00f3n educativa de \u2018La escuela, lo primero\u2019<\/span><\/p>\n<p><span style=\"font-size: 18pt;\"><strong>Paloma Moruno<\/strong><\/span><\/p>\n<p><span style=\"font-size: 18pt;\">Facilitadora en innovaci\u00f3n educativa de \u2018La escuela, lo primero\u2019<\/span>[\/vc_column_text][\/vc_column][\/vc_row][vc_row bg_type=\u00bbbg_color\u00bb bg_color_value=\u00bb#efc177&#8243; css=\u00bb.vc_custom_1612191888031{margin-left: 12px !important;}\u00bb][vc_column width=\u00bb1\/4&#8243; offset=\u00bbvc_hidden-xs\u00bb][vc_column_text]<strong>18:40 \u2013 18:45 h<\/strong>[\/vc_column_text][\/vc_column][vc_column width=\u00bb3\/4&#8243; offset=\u00bbvc_hidden-xs\u00bb][vc_column_text]<strong>Pr\u00f3ximos pasos<\/strong>[\/vc_column_text][\/vc_column][\/vc_row][vc_row bg_type=\u00bbbg_color\u00bb bg_color_value=\u00bb#efc177&#8243; css=\u00bb.vc_custom_1612191888031{margin-left: 12px !important;}\u00bb][vc_column offset=\u00bbvc_hidden-lg vc_hidden-md vc_hidden-sm\u00bb][vc_column_text]<strong>18:40 \u2013 18:45 h<br \/>\nPr\u00f3ximos pasos<\/strong>[\/vc_column_text][\/vc_column][\/vc_row][vc_row bg_type=\u00bbbg_color\u00bb css=\u00bb.vc_custom_1612192054766{margin-left: 10px !important;}\u00bb bg_color_value=\u00bb#ffffff\u00bb][vc_column width=\u00bb1\/4&#8243; offset=\u00bbvc_hidden-xs\u00bb][\/vc_column][vc_column width=\u00bb3\/4&#8243;][vc_column_text]<strong><span style=\"font-size: 18pt;\">Alfredo Hernando<\/span><\/strong><\/p>\n<p><span style=\"font-size: 18pt;\">Experto en innovaci\u00f3n educativa del equipo de \u2018La escuela, lo primero\u2019<\/span>[\/vc_column_text][\/vc_column][\/vc_row][vc_row bg_type=\u00bbbg_color\u00bb bg_color_value=\u00bb#efc177&#8243; css=\u00bb.vc_custom_1612191888031{margin-left: 12px !important;}\u00bb][vc_column width=\u00bb1\/4&#8243; offset=\u00bbvc_hidden-xs\u00bb][vc_column_text]<strong>18:45 \u2013 19:00 h<\/strong>[\/vc_column_text][\/vc_column][vc_column width=\u00bb3\/4&#8243; offset=\u00bbvc_hidden-xs\u00bb][vc_column_text]<strong>Despedida y cierre<\/strong>[\/vc_column_text][\/vc_column][\/vc_row][vc_row bg_type=\u00bbbg_color\u00bb bg_color_value=\u00bb#efc177&#8243; css=\u00bb.vc_custom_1612191888031{margin-left: 12px !important;}\u00bb][vc_column offset=\u00bbvc_hidden-lg vc_hidden-md vc_hidden-sm\u00bb][vc_column_text]<strong>18:45 \u2013 19:00 h<br \/>\nDespedida y cierre<\/strong>[\/vc_column_text][\/vc_column][\/vc_row][vc_row bg_type=\u00bbbg_color\u00bb css=\u00bb.vc_custom_1612192054766{margin-left: 10px !important;}\u00bb bg_color_value=\u00bb#ffffff\u00bb][vc_column width=\u00bb1\/4&#8243; offset=\u00bbvc_hidden-xs\u00bb][\/vc_column][vc_column width=\u00bb3\/4&#8243;][vc_column_text]<strong><span style=\"font-size: 18pt;\">Rosa Llorente<\/span><\/strong><\/p>\n<p><span style=\"font-size: 18pt;\">Directora CEIP Ramiro Solans de Zaragoza<\/span><\/p>\n<p><strong><span style=\"font-size: 18pt;\">Ainara Zubillaga<\/span><\/strong><\/p>\n<p><span style=\"font-size: 18pt;\">Directora de Educaci\u00f3n de Cotec<\/span>[\/vc_column_text][\/vc_column][\/vc_row][vc_row][vc_column][vc_empty_space][\/vc_column][\/vc_row][vc_row bg_type=\u00bbbg_color\u00bb css=\u00bb.vc_custom_1612195624192{padding-left: 12px !important;}\u00bb bg_color_value=\u00bb#aeffd1&#8243;][vc_column][vc_column_text css=\u00bb.vc_custom_1612200760604{padding-top: 15px !important;}\u00bb]<\/p>\n<p style=\"text-align: center;\"><strong>Si quieres estar al d\u00eda de las \u00faltimas noticias y proyectos de Cotec, <\/strong><strong>reg\u00edstrate aqu\u00ed para recibir nuestra newsletter.<\/strong><\/p>\n<p>[\/vc_column_text][vc_column_text el_class=\u00bbtitu\u00bb]<\/p>\n<h2 style=\"text-align: center;\"><a href=\"https:\/\/cotec.es\/newsletter\/\" target=\"_blank\" rel=\"noopener\"><span style=\"font-family: champion-htf-middle; font-size: 29pt;\"><mark>REG\u00cdSTRATE A LA NEWSLETTER DE COTEC<\/mark><\/span><\/a><\/h2>\n<p>[\/vc_column_text][\/vc_column][\/vc_row][vc_row][vc_column][vc_column_text]<\/p>\n<p>[\/vc_column_text][\/vc_column][\/vc_row]<\/p>\n","protected":false},"excerpt":{"rendered":"<p>[vc_row gap=\u00bb5&#8243; content_placement=\u00bbmiddle\u00bb css=\u00bb.vc_custom_1612169896878{margin-top: -50px !important;margin-left: -2px !important;padding-top: 10px !important;}\u00bb][vc_column css=\u00bb.vc_custom_1612196578305{background-position: center !important;background-repeat: no-repeat !important;background-size: contain !important;}\u00bb el_class=\u00bbtitu\u00bb offset=\u00bbvc_hidden-xs\u00bb][\/vc_column][\/vc_row][vc_row gap=\u00bb5&#8243; content_placement=\u00bbmiddle\u00bb css=\u00bb.vc_custom_1612169896878{margin-top: -50px !important;margin-left: -2px !important;padding-top: 10px !important;}\u00bb][vc_column css=\u00bb.vc_custom_1612196713926{background-position: center !important;background-repeat: no-repeat !important;background-size: contain !important;}\u00bb el_class=\u00bbtitu\u00bb offset=\u00bbvc_hidden-lg vc_hidden-md vc_hidden-sm\u00bb][vc_column_text el_class=\u00bbverde\u00bb css=\u00bb.vc_custom_1612198748739{padding-top: 20px !important;}\u00bb] QUEDADA \u2018LA ESCUELA, LO PRIMERO\u2019 [\/vc_column_text][\/vc_column][\/vc_row][vc_row][vc_column][vc_empty_space height=\u00bb40px\u00bb][\/vc_column][\/vc_row][vc_row css=\u00bb.vc_custom_1612172952577{padding-left: 12px !important;}\u00bb][vc_column offset=\u00bbvc_hidden-xs\u00bb][vc_column_text el_class=\u00bbtitu\u00bb]&hellip;<\/p>\n","protected":false},"author":1,"featured_media":0,"parent":0,"menu_order":0,"comment_status":"closed","ping_status":"open","template":"","meta":[],"yoast_head":"<!-- This site is optimized with the Yoast SEO plugin v19.6.1 - https:\/\/yoast.com\/wordpress\/plugins\/seo\/ -->\n<title>Quedada - Cotec<\/title>\n<meta name=\"robots\" content=\"index, follow, max-snippet:-1, max-image-preview:large, max-video-preview:-1\" \/>\n<link rel=\"canonical\" href=\"https:\/\/laescuelaloprimero.cotec.es\/lelp1\/quedada\/\" \/>\n<meta property=\"og:locale\" content=\"es_ES\" \/>\n<meta property=\"og:type\" content=\"article\" \/>\n<meta property=\"og:title\" content=\"Quedada - Cotec\" \/>\n<meta property=\"og:description\" content=\"[vc_row gap=\u00bb5&#8243; content_placement=\u00bbmiddle\u00bb css=\u00bb.vc_custom_1612169896878{margin-top: -50px !important;margin-left: -2px !important;padding-top: 10px !important;}\u00bb][vc_column css=\u00bb.vc_custom_1612196578305{background-position: center !important;background-repeat: no-repeat !important;background-size: contain !important;}\u00bb el_class=\u00bbtitu\u00bb offset=\u00bbvc_hidden-xs\u00bb][\/vc_column][\/vc_row][vc_row gap=\u00bb5&#8243; content_placement=\u00bbmiddle\u00bb css=\u00bb.vc_custom_1612169896878{margin-top: -50px !important;margin-left: -2px !important;padding-top: 10px !important;}\u00bb][vc_column css=\u00bb.vc_custom_1612196713926{background-position: center !important;background-repeat: no-repeat !important;background-size: contain !important;}\u00bb el_class=\u00bbtitu\u00bb offset=\u00bbvc_hidden-lg vc_hidden-md vc_hidden-sm\u00bb][vc_column_text el_class=\u00bbverde\u00bb css=\u00bb.vc_custom_1612198748739{padding-top: 20px !important;}\u00bb] QUEDADA \u2018LA ESCUELA, LO PRIMERO\u2019 [\/vc_column_text][\/vc_column][\/vc_row][vc_row][vc_column][vc_empty_space height=\u00bb40px\u00bb][\/vc_column][\/vc_row][vc_row css=\u00bb.vc_custom_1612172952577{padding-left: 12px !important;}\u00bb][vc_column offset=\u00bbvc_hidden-xs\u00bb][vc_column_text el_class=\u00bbtitu\u00bb]&hellip;\" \/>\n<meta property=\"og:url\" content=\"https:\/\/laescuelaloprimero.cotec.es\/lelp1\/quedada\/\" \/>\n<meta property=\"og:site_name\" content=\"Cotec\" \/>\n<meta property=\"article:modified_time\" content=\"2021-02-22T15:19:19+00:00\" \/>\n<meta name=\"twitter:card\" content=\"summary_large_image\" \/>\n<meta name=\"twitter:label1\" content=\"Tiempo de lectura\" \/>\n\t<meta name=\"twitter:data1\" content=\"7 minutos\" \/>\n<script type=\"application\/ld+json\" class=\"yoast-schema-graph\">{\"@context\":\"https:\/\/schema.org\",\"@graph\":[{\"@type\":\"WebPage\",\"@id\":\"https:\/\/laescuelaloprimero.cotec.es\/lelp1\/quedada\/\",\"url\":\"https:\/\/laescuelaloprimero.cotec.es\/lelp1\/quedada\/\",\"name\":\"Quedada - Cotec\",\"isPartOf\":{\"@id\":\"https:\/\/laescuelaloprimero.cotec.es\/lelp1\/#website\"},\"datePublished\":\"2021-01-29T10:49:44+00:00\",\"dateModified\":\"2021-02-22T15:19:19+00:00\",\"breadcrumb\":{\"@id\":\"https:\/\/laescuelaloprimero.cotec.es\/lelp1\/quedada\/#breadcrumb\"},\"inLanguage\":\"es\",\"potentialAction\":[{\"@type\":\"ReadAction\",\"target\":[\"https:\/\/laescuelaloprimero.cotec.es\/lelp1\/quedada\/\"]}]},{\"@type\":\"BreadcrumbList\",\"@id\":\"https:\/\/laescuelaloprimero.cotec.es\/lelp1\/quedada\/#breadcrumb\",\"itemListElement\":[{\"@type\":\"ListItem\",\"position\":1,\"name\":\"Portada\",\"item\":\"https:\/\/laescuelaloprimero.cotec.es\/lelp1\/\"},{\"@type\":\"ListItem\",\"position\":2,\"name\":\"Quedada\"}]},{\"@type\":\"WebSite\",\"@id\":\"https:\/\/laescuelaloprimero.cotec.es\/lelp1\/#website\",\"url\":\"https:\/\/laescuelaloprimero.cotec.es\/lelp1\/\",\"name\":\"Cotec\",\"description\":\"\",\"potentialAction\":[{\"@type\":\"SearchAction\",\"target\":{\"@type\":\"EntryPoint\",\"urlTemplate\":\"https:\/\/laescuelaloprimero.cotec.es\/lelp1\/?s={search_term_string}\"},\"query-input\":\"required name=search_term_string\"}],\"inLanguage\":\"es\"}]}<\/script>\n<!-- \/ Yoast SEO plugin. -->","yoast_head_json":{"title":"Quedada - Cotec","robots":{"index":"index","follow":"follow","max-snippet":"max-snippet:-1","max-image-preview":"max-image-preview:large","max-video-preview":"max-video-preview:-1"},"canonical":"https:\/\/laescuelaloprimero.cotec.es\/lelp1\/quedada\/","og_locale":"es_ES","og_type":"article","og_title":"Quedada - Cotec","og_description":"[vc_row gap=\u00bb5&#8243; content_placement=\u00bbmiddle\u00bb css=\u00bb.vc_custom_1612169896878{margin-top: -50px !important;margin-left: -2px !important;padding-top: 10px !important;}\u00bb][vc_column css=\u00bb.vc_custom_1612196578305{background-position: center !important;background-repeat: no-repeat !important;background-size: contain !important;}\u00bb el_class=\u00bbtitu\u00bb offset=\u00bbvc_hidden-xs\u00bb][\/vc_column][\/vc_row][vc_row gap=\u00bb5&#8243; content_placement=\u00bbmiddle\u00bb css=\u00bb.vc_custom_1612169896878{margin-top: -50px !important;margin-left: -2px !important;padding-top: 10px !important;}\u00bb][vc_column css=\u00bb.vc_custom_1612196713926{background-position: center !important;background-repeat: no-repeat !important;background-size: contain !important;}\u00bb el_class=\u00bbtitu\u00bb offset=\u00bbvc_hidden-lg vc_hidden-md vc_hidden-sm\u00bb][vc_column_text el_class=\u00bbverde\u00bb css=\u00bb.vc_custom_1612198748739{padding-top: 20px !important;}\u00bb] QUEDADA \u2018LA ESCUELA, LO PRIMERO\u2019 [\/vc_column_text][\/vc_column][\/vc_row][vc_row][vc_column][vc_empty_space height=\u00bb40px\u00bb][\/vc_column][\/vc_row][vc_row css=\u00bb.vc_custom_1612172952577{padding-left: 12px !important;}\u00bb][vc_column offset=\u00bbvc_hidden-xs\u00bb][vc_column_text el_class=\u00bbtitu\u00bb]&hellip;","og_url":"https:\/\/laescuelaloprimero.cotec.es\/lelp1\/quedada\/","og_site_name":"Cotec","article_modified_time":"2021-02-22T15:19:19+00:00","twitter_card":"summary_large_image","twitter_misc":{"Tiempo de lectura":"7 minutos"},"schema":{"@context":"https:\/\/schema.org","@graph":[{"@type":"WebPage","@id":"https:\/\/laescuelaloprimero.cotec.es\/lelp1\/quedada\/","url":"https:\/\/laescuelaloprimero.cotec.es\/lelp1\/quedada\/","name":"Quedada - Cotec","isPartOf":{"@id":"https:\/\/laescuelaloprimero.cotec.es\/lelp1\/#website"},"datePublished":"2021-01-29T10:49:44+00:00","dateModified":"2021-02-22T15:19:19+00:00","breadcrumb":{"@id":"https:\/\/laescuelaloprimero.cotec.es\/lelp1\/quedada\/#breadcrumb"},"inLanguage":"es","potentialAction":[{"@type":"ReadAction","target":["https:\/\/laescuelaloprimero.cotec.es\/lelp1\/quedada\/"]}]},{"@type":"BreadcrumbList","@id":"https:\/\/laescuelaloprimero.cotec.es\/lelp1\/quedada\/#breadcrumb","itemListElement":[{"@type":"ListItem","position":1,"name":"Portada","item":"https:\/\/laescuelaloprimero.cotec.es\/lelp1\/"},{"@type":"ListItem","position":2,"name":"Quedada"}]},{"@type":"WebSite","@id":"https:\/\/laescuelaloprimero.cotec.es\/lelp1\/#website","url":"https:\/\/laescuelaloprimero.cotec.es\/lelp1\/","name":"Cotec","description":"","potentialAction":[{"@type":"SearchAction","target":{"@type":"EntryPoint","urlTemplate":"https:\/\/laescuelaloprimero.cotec.es\/lelp1\/?s={search_term_string}"},"query-input":"required name=search_term_string"}],"inLanguage":"es"}]}},"_links":{"self":[{"href":"https:\/\/laescuelaloprimero.cotec.es\/lelp1\/wp-json\/wp\/v2\/pages\/1100"}],"collection":[{"href":"https:\/\/laescuelaloprimero.cotec.es\/lelp1\/wp-json\/wp\/v2\/pages"}],"about":[{"href":"https:\/\/laescuelaloprimero.cotec.es\/lelp1\/wp-json\/wp\/v2\/types\/page"}],"author":[{"embeddable":true,"href":"https:\/\/laescuelaloprimero.cotec.es\/lelp1\/wp-json\/wp\/v2\/users\/1"}],"replies":[{"embeddable":true,"href":"https:\/\/laescuelaloprimero.cotec.es\/lelp1\/wp-json\/wp\/v2\/comments?post=1100"}],"version-history":[{"count":59,"href":"https:\/\/laescuelaloprimero.cotec.es\/lelp1\/wp-json\/wp\/v2\/pages\/1100\/revisions"}],"predecessor-version":[{"id":1252,"href":"https:\/\/laescuelaloprimero.cotec.es\/lelp1\/wp-json\/wp\/v2\/pages\/1100\/revisions\/1252"}],"wp:attachment":[{"href":"https:\/\/laescuelaloprimero.cotec.es\/lelp1\/wp-json\/wp\/v2\/media?parent=1100"}],"curies":[{"name":"wp","href":"https:\/\/api.w.org\/{rel}","templated":true}]}}