{"id":167,"date":"2020-08-19T07:45:12","date_gmt":"2020-08-19T07:45:12","guid":{"rendered":"https:\/\/%20%20https:\/\/laescuelaloprimero.cotec.es\/lelp1\/?page_id=167"},"modified":"2023-02-02T08:43:02","modified_gmt":"2023-02-02T08:43:02","slug":"home","status":"publish","type":"page","link":"https:\/\/laescuelaloprimero.cotec.es\/lelp1\/","title":{"rendered":"La escuela, lo primero"},"content":{"rendered":"<p>[vc_row gap=\u00bb5&#8243; content_placement=\u00bbmiddle\u00bb bg_type=\u00bbbg_color\u00bb bg_color_value=\u00bb#ffb7c3&#8243; css=\u00bb.vc_custom_1646996277550{margin-top: -50px !important;margin-left: -2px !important;padding-top: 10px !important;}\u00bb][vc_column]<div id=\"ultimate-heading-628269ef3b4f0a506\" class=\"uvc-heading ult-adjust-bottom-margin ultimate-heading-628269ef3b4f0a506 uvc-7646 \" data-hspacer=\"no_spacer\"  data-halign=\"left\" style=\"text-align:left\"><div class=\"uvc-heading-spacer no_spacer\" style=\"top\"><\/div><div class=\"uvc-main-heading ult-responsive\"  data-ultimate-target='.uvc-heading.ultimate-heading-628269ef3b4f0a506 h2'  data-responsive-json-new='{\"font-size\":\"desktop:105px;\",\"line-height\":\"desktop:105px;\"}' ><h2 style=\"--font-weight:theme;color:#000000;margin-top:-15px;\">UN A\u00d1O, DIEZ RETOS: BALANCE DE LA 1\u00ba EDICI\u00d3N DE LELP<\/h2><\/div><\/div>[\/vc_column][\/vc_row][vc_row content_placement=\u00bbmiddle\u00bb css=\u00bb.vc_custom_1646994539656{padding-left: 10px !important;}\u00bb][vc_column][vc_column_text css=\u00bb.vc_custom_1646997318659{padding-top: 13px !important;padding-right: 10px !important;padding-bottom: 10px !important;padding-left: 10px !important;background-color: #ffffff !important;}\u00bb]<strong><em><mark>La escuela, lo primero<\/mark><\/em>\u00a0es un <mark>proyecto de innovaci\u00f3n<\/mark> impulsado por la Fundaci\u00f3n Cotec en el curso escolar 2020\/2021 cuyo primer objetivo fue facilitar la labor de docentes, centros educativos y Administraciones p\u00fablicas en un momento cr\u00edtico marcado por la pandemia de la Covid-19.<\/strong><\/p>\n<p>El proyecto arranc\u00f3 con laboratorios de innovaci\u00f3n educativa, organizados con la colaboraci\u00f3n de <a href=\"https:\/\/www.escuela21.org\/\" target=\"_blank\" rel=\"noopener\">Escuela21<\/a>, en los que participaron m\u00e1s de 200 docentes para dise\u00f1ar soluciones a partir de diez retos educativos muy ligados a las limitaciones derivadas de la pandemia.<\/p>\n<p>Transferir las metodolog\u00edas activas al entorno virtual, organizar tiempos y espacios de forma flexible, fomentar el trabajo colaborativo en remoto, impulsar la autonom\u00eda del alumnado, reforzar las necesidades educativas especiales o fomentar la convivencia, fueron algunos de estos desaf\u00edos de los que surgieron casi cincuenta soluciones innovadoras para llevar a cabo en cualquier centro educativo.<\/p>\n<p>Este documento recoge el resultado de un proceso compartido de reflexi\u00f3n, integra la voz del profesorado con la visi\u00f3n de los expertos, y articula un an\u00e1lisis sobre qu\u00e9 se ha aprendido en el que seguramente ser\u00e1 el curso m\u00e1s complicado de la vida profesional docente.[\/vc_column_text][vc_row_inner][vc_column_inner width=\u00bb1\/4&#8243;]<style type=\"text\/css\" data-type=\"the7_shortcodes-inline-css\">#default-btn-54347addc9e308da4b532d56c9fec5be {\n  border-radius: 1px;\n  font-size: 30px;\n  line-height: 32px;\n}\n.btn-shadow#default-btn-54347addc9e308da4b532d56c9fec5be {\n  box-shadow: 0 1px 6px rgba(0,0,0,0.12);\n  transition: box-shadow 0.2s ease-out, opacity 0.45s;\n}\n.btn-shadow#default-btn-54347addc9e308da4b532d56c9fec5be:hover {\n  box-shadow: 0 5px 11px 0 rgba(0,0,0,0.18), 0 4px 15px 0 rgba(0,0,0,0.15);\n}\n.btn-3d#default-btn-54347addc9e308da4b532d56c9fec5be {\n  box-shadow: 0px 2px 0px 0px #7ff1b0;\n}\n.btn-3d#default-btn-54347addc9e308da4b532d56c9fec5be:hover {\n  box-shadow: 0px 2px 0px 0px #a3f5bd;\n}\n.btn-flat#default-btn-54347addc9e308da4b532d56c9fec5be {\n  box-shadow: none;\n}\n.btn-flat#default-btn-54347addc9e308da4b532d56c9fec5be:hover {\n  box-shadow: none;\n}\n#default-btn-54347addc9e308da4b532d56c9fec5be.ico-right-side > i {\n  margin-right: 0px;\n  margin-left: 8px;\n}\n#default-btn-54347addc9e308da4b532d56c9fec5be > i {\n  margin-right: 8px;\n  font-size: 12px;\n}\n#default-btn-54347addc9e308da4b532d56c9fec5be:not(:hover) {\n  border-width: 0px;\n  border-color: #aeffd1 !important;\n  color: #0a0a0a;\n  background: #aeffd1 !important;\n  padding: 12px 12px 12px 12px;\n}\n#default-btn-54347addc9e308da4b532d56c9fec5be:not(:hover) * {\n  color: #0a0a0a;\n}\n#default-btn-54347addc9e308da4b532d56c9fec5be:hover {\n  border-width: 0px;\n  border-color: #d6ffe3 !important;\n  color: #0a0a0a;\n  background: #d6ffe3 !important;\n  padding: 12px 12px 12px 12px;\n}\n#default-btn-54347addc9e308da4b532d56c9fec5be:hover * {\n  color: #0a0a0a;\n}\n#default-btn-54347addc9e308da4b532d56c9fec5be.ico-right-side > i {\n  margin-right: 0px;\n  margin-left: 8px;\n}\n#default-btn-54347addc9e308da4b532d56c9fec5be > i {\n  margin-right: 8px;\n}\n<\/style><div class=\"btn-align-left\"><a href=\"https:\/\/online.flippingbook.com\/view\/929982896\/\" class=\"default-btn-shortcode dt-btn link-hover-off btn3 btn-flat \" target=\"_blank\" id=\"default-btn-54347addc9e308da4b532d56c9fec5be\" title=\"DESCARGAR RESUMEN\" rel=\"noopener\"><span>DESCARGAR RESUMEN<\/span><\/a><\/div>[\/vc_column_inner][vc_column_inner width=\u00bb1\/4&#8243;][\/vc_column_inner][vc_column_inner width=\u00bb1\/4&#8243; el_id=\u00bbbot\u00bb][\/vc_column_inner][vc_column_inner width=\u00bb1\/4&#8243;][\/vc_column_inner][\/vc_row_inner][vc_empty_space][\/vc_column][\/vc_row][vc_row][vc_column][vc_empty_space]<div class=\" vc_custom_1663154207888 ubtn-ctn-left \"><a class=\"ubtn-link ult-adjust-bottom-margin ubtn-left ubtn-mini \" href=\"https:\/\/laescuelaloprimero.cotec.es\/lelp1\/retos\/\" title=\"Retos\" ><button type=\"button\" id=\"ubtn-8477\"  class=\"ubtn ult-adjust-bottom-margin ult-responsive ubtn-mini ubtn-no-hover-bg  none  ubtn-left   tooltip-69ef3b4f0d25f\"  data-hover=\"\" data-border-color=\"\" data-bg=\"#c2f4ff\" data-hover-bg=\"\" data-border-hover=\"\" data-shadow-hover=\"\" data-shadow-click=\"none\" data-shadow=\"\" data-shd-shadow=\"\"  data-ultimate-target='#ubtn-8477'  data-responsive-json-new='{\"font-size\":\"desktop:46px;mobile_landscape:35px;\",\"line-height\":\"desktop:45px;mobile_landscape:34px;\"}'  style=\"font-weight:normal;border:none;background: #c2f4ff;color: #000000;\"><span class=\"ubtn-hover\" style=\"background-color:\"><\/span><span class=\"ubtn-data ubtn-text \" >RETOS<\/span><\/button><\/a><\/div>[\/vc_column][\/vc_row][vc_row gap=\u00bb4&#8243; content_placement=\u00bbtop\u00bb][vc_column width=\u00bb1\/5&#8243;]<div class=\"ult-content-box-container \" >\t<a class=\"ult-content-box-anchor\" href=\"https:\/\/laescuelaloprimero.cotec.es\/lelp1\/reto-1-como-trabajar-en-comunidad-en-tiempos-de-crisis\/\" title=\"RETO #1 \u00bfC\u00d3MO TRABAJAR EN COMUNIDAD EN TIEMPOS DE CRISIS?\" >\t\t<div class=\"ult-content-box\" style=\"background-color:#aeffd1;box-shadow: px px px px none;padding-top:25px;padding-right:20px;padding-bottom:15px;padding-left:20px;min-height:235px;-webkit-transition: background 26ms ease;-moz-transition: background 26ms ease;-ms-transition: background 26ms ease;-o-transition: background 26ms ease;transition: background 26ms ease;\"  data-hover_bg_color=\"#e8ffee\"  data-hover_box_shadow=\" px px px px none\"  data-hover_border_color=\"#aeffd1\"     data-bg=\"#aeffd1\" >[vc_column_text]<span style=\"font-family: champion-htf; font-size: 28pt; color: #000000;\">#1<\/span><\/p>\n<h4><span style=\"font-family: champion-htf-middle; font-size: 13pt; color: #000000;\">\u00bfC\u00d3MO TRABAJAR EN COMUNIDAD EN TIEMPOS DE CRISIS?<\/span><\/h4>\n<p>[\/vc_column_text]\t\t<\/div>\t<\/a><\/div>[\/vc_column][vc_column width=\u00bb1\/5&#8243;]<div class=\"ult-content-box-container \" >\t<a class=\"ult-content-box-anchor\" href=\"https:\/\/laescuelaloprimero.cotec.es\/lelp1\/reto-2-como-mapear-recursos-y-establecer-alianzas-para-nuestra-comunidad-educativa\/\" title=\"RETO #2 \u00bfC\u00d3MO MAPEAR RECURSOS Y ESTABLECER ALIANZAS PARA NUESTRA COMUNIDAD EDUCATIVA?\" >\t\t<div class=\"ult-content-box\" style=\"background-color:#ffb7c3;box-shadow: px px px px none;padding-top:25px;padding-right:20px;padding-bottom:15px;padding-left:20px;min-height:235px;-webkit-transition: background 26ms ease;-moz-transition: background 26ms ease;-ms-transition: background 26ms ease;-o-transition: background 26ms ease;transition: background 26ms ease;\"  data-hover_bg_color=\"#ffe0e4\"  data-hover_box_shadow=\" px px px px none\"  data-hover_border_color=\"#ffb7c3\"     data-bg=\"#ffb7c3\" >[vc_column_text]<span style=\"font-size: 28pt; font-family: champion-htf; color: #000000;\">#2<\/span><\/p>\n<h4><span style=\"font-family: champion-htf-middle; font-size: 13pt; color: #000000;\">\u00bfC\u00d3MO MAPEAR RECURSOS Y ESTABLECER ALIANZAS PARA NUESTRA COMUNIDAD EDUCATIVA?<\/span><\/h4>\n<p>[\/vc_column_text]\t\t<\/div>\t<\/a><\/div>[\/vc_column][vc_column width=\u00bb1\/5&#8243;]<div class=\"ult-content-box-container \" >\t<a class=\"ult-content-box-anchor\" href=\"https:\/\/laescuelaloprimero.cotec.es\/lelp1\/reto-3-que-saben-y-necesitan-los-ninos-para-aprender-por-si-mismos\/\" title=\"RETO #3 \u00bfQU\u00c9 SABEN Y NECESITAN LOS NI\u00d1OS PARA APRENDER POR S\u00cd MISMOS?\" >\t\t<div class=\"ult-content-box\" style=\"background-color:#c2f4ff;box-shadow: px px px px none;padding-top:25px;padding-right:20px;padding-bottom:15px;padding-left:20px;min-height:235px;-webkit-transition: background 26ms ease;-moz-transition: background 26ms ease;-ms-transition: background 26ms ease;-o-transition: background 26ms ease;transition: background 26ms ease;\"  data-hover_bg_color=\"#e5f6ff\"  data-hover_box_shadow=\" px px px px none\"  data-hover_border_color=\"#c2f4ff\"     data-bg=\"#c2f4ff\" >[vc_column_text]<span style=\"font-size: 28pt; font-family: champion-htf; color: #000000;\">#3<\/span><\/p>\n<h4><span style=\"font-family: champion-htf-middle; font-size: 13pt;\"><span style=\"color: #000000;\">\u00bfQU\u00c9 SABEN Y NECESITAN LOS NI\u00d1OS PARA APRENDER POR S\u00cd MISMOS?<\/span><br \/>\n<\/span><\/h4>\n<p>[\/vc_column_text]\t\t<\/div>\t<\/a><\/div>[\/vc_column][vc_column width=\u00bb1\/5&#8243;]<div class=\"ult-content-box-container \" >\t<a class=\"ult-content-box-anchor\" href=\"https:\/\/laescuelaloprimero.cotec.es\/lelp1\/reto-4-como-organizar-tiempos-y-espacios-de-forma-flexible\/\" title=\"RETO #4 \u00bfC\u00d3MO ORGANIZAR TIEMPOS Y ESPACIOS DE FORMA FLEXIBLE?\" >\t\t<div class=\"ult-content-box\" style=\"background-color:#ffffb0;box-shadow: px px px px none;padding-top:25px;padding-right:20px;padding-bottom:15px;padding-left:20px;min-height:235px;-webkit-transition: background 26ms ease;-moz-transition: background 26ms ease;-ms-transition: background 26ms ease;-o-transition: background 26ms ease;transition: background 26ms ease;\"  data-hover_bg_color=\"#ffffe0\"  data-hover_box_shadow=\" px px px px none\"  data-hover_border_color=\"#ffffb0\"     data-bg=\"#ffffb0\" >[vc_column_text]<span style=\"font-size: 28pt; font-family: champion-htf; color: #000000;\">#4<\/span><\/p>\n<h4><span style=\"font-family: champion-htf-middle; font-size: 13pt;\"><span style=\"color: #000000;\">\u00bfC\u00d3MO ORGANIZAR TIEMPOS Y ESPACIOS DE FORMA FLEXIBLE?<\/span><br \/>\n<\/span><\/h4>\n<p>[\/vc_column_text]\t\t<\/div>\t<\/a><\/div>[\/vc_column][vc_column width=\u00bb1\/5&#8243;]<div class=\"ult-content-box-container \" >\t<a class=\"ult-content-box-anchor\" href=\"https:\/\/laescuelaloprimero.cotec.es\/lelp1\/reto-5-como-desarrollar-la-colaboracion-en-equipos-que-trabajan-en-remoto\/\" title=\"RETO #5 \u00bfC\u00d3MO DESARROLLAR LA COLABORACI\u00d3N EN EQUIPOS QUE TRABAJAN EN REMOTO?\" >\t\t<div class=\"ult-content-box\" style=\"background-color:#aeffd1;box-shadow: px px px px none;padding-top:25px;padding-right:12px;padding-bottom:15px;padding-left:12px;min-height:235px;-webkit-transition: background 26ms ease;-moz-transition: background 26ms ease;-ms-transition: background 26ms ease;-o-transition: background 26ms ease;transition: background 26ms ease;\"  data-hover_bg_color=\"#e8ffee\"  data-hover_box_shadow=\" px px px px none\"  data-hover_border_color=\"#aeffd1\"     data-bg=\"#aeffd1\" >[vc_column_text]<span style=\"font-size: 28pt; font-family: champion-htf; color: #000000;\">#5<\/span><\/p>\n<h4><span style=\"font-family: champion-htf-middle; font-size: 13pt; color: #000000;\">\u00bfC\u00d3MO DESARROLLAR LA COLABORACI\u00d3N EN EQUIPOS QUE TRABAJAN EN REMOTO?<\/span><\/h4>\n<p>[\/vc_column_text]\t\t<\/div>\t<\/a><\/div>[\/vc_column][\/vc_row][vc_row][vc_column]<div class=\"ult-spacer spacer-69ef3b4f0d4fe\" data-id=\"69ef3b4f0d4fe\" data-height=\"32\" data-height-mobile=\"1\" data-height-tab=\"30\" data-height-tab-portrait=\"30\" data-height-mobile-landscape=\"1\" style=\"clear:both;display:block;\"><\/div>[\/vc_column][\/vc_row][vc_row gap=\u00bb4&#8243; content_placement=\u00bbtop\u00bb][vc_column width=\u00bb1\/5&#8243;]<div class=\"ult-content-box-container \" >\t<a class=\"ult-content-box-anchor\" href=\"https:\/\/laescuelaloprimero.cotec.es\/lelp1\/reto-6-como-transferir-las-metodologias-activas-al-entorno-virtual\/\" title=\"RETO #6 \u00bfC\u00d3MO TRANSFERIR LAS METODOLOG\u00cdAS ACTIVAS AL ENTORNO VIRTUAL?\" >\t\t<div class=\"ult-content-box\" style=\"background-color:#ffb7c3;box-shadow: px px px px none;padding-top:25px;padding-right:20px;padding-bottom:15px;padding-left:20px;min-height:235px;-webkit-transition: background 26ms ease;-moz-transition: background 26ms ease;-ms-transition: background 26ms ease;-o-transition: background 26ms ease;transition: background 26ms ease;\"  data-hover_bg_color=\"#ffe0e4\"  data-hover_box_shadow=\" px px px px none\"  data-hover_border_color=\"#ffb7c3\"     data-bg=\"#ffb7c3\" >[vc_column_text]<span style=\"font-size: 28pt; font-family: champion-htf; color: #000000;\">#6<\/span><\/p>\n<h4><span style=\"font-family: champion-htf-middle; font-size: 13pt;\"><span style=\"color: #000000;\">\u00bfC\u00d3MO TRANSFERIR LAS METODOLOG\u00cdAS ACTIVAS AL ENTORNO VIRTUAL?<\/span><br \/>\n<\/span><\/h4>\n<p>[\/vc_column_text]\t\t<\/div>\t<\/a><\/div>[\/vc_column][vc_column width=\u00bb1\/5&#8243;]<div class=\"ult-content-box-container \" >\t<a class=\"ult-content-box-anchor\" href=\"https:\/\/laescuelaloprimero.cotec.es\/lelp1\/reto-7-como-atender-las-necesidades-educativas-especiales-en-la-escuela-post-covid\/\" title=\"RETO #7 \u00bfC\u00d3MO ATENDER LAS NECESIDADES EDUCATIVAS ESPECIALES EN LA ESCUELA POST- COVID?\" >\t\t<div class=\"ult-content-box\" style=\"background-color:#c2f4ff;box-shadow: px px px px none;padding-top:25px;padding-right:20px;padding-bottom:15px;padding-left:20px;min-height:235px;-webkit-transition: background 26ms ease;-moz-transition: background 26ms ease;-ms-transition: background 26ms ease;-o-transition: background 26ms ease;transition: background 26ms ease;\"  data-hover_bg_color=\"#e5f6ff\"  data-hover_box_shadow=\" px px px px none\"  data-hover_border_color=\"#c2f4ff\"     data-bg=\"#c2f4ff\" >[vc_column_text]<span style=\"font-size: 28pt; font-family: champion-htf; color: #000000;\">#7<\/span><\/p>\n<h4><span style=\"font-family: champion-htf-middle; font-size: 13pt; color: #000000;\">\u00bfC\u00d3MO ATENDER LAS NECESIDADES EDUCATIVAS ESPECIALES EN LA ESCUELA POST COVID?<\/span><\/h4>\n<p>[\/vc_column_text]\t\t<\/div>\t<\/a><\/div>[\/vc_column][vc_column width=\u00bb1\/5&#8243;]<div class=\"ult-content-box-container \" >\t<a class=\"ult-content-box-anchor\" href=\"https:\/\/laescuelaloprimero.cotec.es\/lelp1\/reto-8-como-cuidar-la-convivencia-de-la-comunidad-educativa-en-la-escuela-post-covid\/\" title=\"RETO #8 \u00bfC\u00d3MO CUIDAR LA CONVIVENCIA DE LA COMUNIDAD EDUCATIVA EN LA ESCUELA POST-COVID?\" >\t\t<div class=\"ult-content-box\" style=\"background-color:#ffffb0;box-shadow: px px px px none;padding-top:25px;padding-right:20px;padding-bottom:15px;padding-left:20px;min-height:235px;-webkit-transition: background 26ms ease;-moz-transition: background 26ms ease;-ms-transition: background 26ms ease;-o-transition: background 26ms ease;transition: background 26ms ease;\"  data-hover_bg_color=\"#ffffe0\"  data-hover_box_shadow=\" px px px px none\"  data-hover_border_color=\"#ffffb0\"     data-bg=\"#ffffb0\" >[vc_column_text]<span style=\"font-size: 28pt; font-family: champion-htf; color: #000000;\">#8<\/span><\/p>\n<h4><span style=\"font-family: champion-htf-middle; font-size: 13pt; color: #000000;\">\u00bfC\u00d3MO CUIDAR LA CONVIVENCIA DE LA COMUNIDAD EDUCATIVA EN LA ESCUELA POST COVID?<\/span><\/h4>\n<p>[\/vc_column_text]\t\t<\/div>\t<\/a><\/div>[\/vc_column][vc_column width=\u00bb1\/5&#8243;]<div class=\"ult-content-box-container \" >\t<a class=\"ult-content-box-anchor\" href=\"https:\/\/laescuelaloprimero.cotec.es\/lelp1\/reto-9-como-incorporar-la-participacion-de-las-familias-en-los-procesos-de-ensenanza-y-aprendizaje\/\" title=\"RETO #9 \u00bfC\u00d3MO INCORPORAR LA PARTICIPACI\u00d3N DE LAS FAMILIAS EN LOS PROCESOS DE ENSE\u00d1ANZA Y APRENDIZAJE?\" >\t\t<div class=\"ult-content-box\" style=\"background-color:#aeffd1;box-shadow: px px px px none;padding-top:25px;padding-right:20px;padding-bottom:15px;padding-left:20px;min-height:235px;-webkit-transition: background 26ms ease;-moz-transition: background 26ms ease;-ms-transition: background 26ms ease;-o-transition: background 26ms ease;transition: background 26ms ease;\"  data-hover_bg_color=\"#e8ffee\"  data-hover_box_shadow=\" px px px px none\"  data-hover_border_color=\"#aeffd1\"     data-bg=\"#aeffd1\" >[vc_column_text]<span style=\"font-family: champion-htf; font-size: 28pt; color: #000000;\">#9<\/span><\/p>\n<h4><span style=\"font-family: champion-htf-middle; font-size: 13pt;\"><span style=\"color: #000000;\">\u00bfC\u00d3MO INCORPORAR LA PARTICIPACI\u00d3N DE LAS FAMILIAS EN EL PROCESO DE ENSE\u00d1ANZA &#8211; APRENDIZAJE?<\/span><br \/>\n<\/span><\/h4>\n<p>[\/vc_column_text]\t\t<\/div>\t<\/a><\/div>[\/vc_column][vc_column width=\u00bb1\/5&#8243;]<div class=\"ult-content-box-container \" >\t<a class=\"ult-content-box-anchor\" href=\"https:\/\/laescuelaloprimero.cotec.es\/lelp1\/reto-10-cual-es-la-estructura-basica-del-plan-de-acogida-en-la-nueva-presencialidad\" title=\"RETO #10 \u00bfCU\u00c1L ES LA ESTRUCTURA B\u00c1SICA DEL PLAN DE ACOGIDA EN LA NUEVA PRESENCIALIDAD?\" >\t\t<div class=\"ult-content-box\" style=\"background-color:#ffb7c3;box-shadow: px px px px none;padding-top:25px;padding-right:15px;padding-bottom:15px;padding-left:15px;min-height:235px;-webkit-transition: background 26ms ease;-moz-transition: background 26ms ease;-ms-transition: background 26ms ease;-o-transition: background 26ms ease;transition: background 26ms ease;\"  data-hover_bg_color=\"#ffe0e4\"  data-hover_box_shadow=\" px px px px none\"  data-hover_border_color=\"#ffb7c3\"     data-bg=\"#ffb7c3\" >[vc_column_text]<span style=\"font-size: 28pt; font-family: champion-htf; color: #000000;\">#10<\/span><\/p>\n<h4><span style=\"font-family: champion-htf-middle; font-size: 13pt; color: #000000;\">\u00bfCU\u00c1L ES LA ESTRUCTURA B\u00c1SICA DEL PLAN DE ACOGIDA EN LA NUEVA PRESENCIALIDAD? <\/span><\/h4>\n<p>[\/vc_column_text]\t\t<\/div>\t<\/a><\/div>[\/vc_column][\/vc_row][vc_row][vc_column width=\u00bb1\/2&#8243;]<style type=\"text\/css\" data-type=\"the7_shortcodes-inline-css\">#default-btn-93ac628194b0299bbf00f6cfc0d42621 {\n  border-radius: 1px;\n  font-size: 30px;\n  line-height: 32px;\n}\n.btn-shadow#default-btn-93ac628194b0299bbf00f6cfc0d42621 {\n  box-shadow: 0 1px 6px rgba(0,0,0,0.12);\n  transition: box-shadow 0.2s ease-out, opacity 0.45s;\n}\n.btn-shadow#default-btn-93ac628194b0299bbf00f6cfc0d42621:hover {\n  box-shadow: 0 5px 11px 0 rgba(0,0,0,0.18), 0 4px 15px 0 rgba(0,0,0,0.15);\n}\n.btn-3d#default-btn-93ac628194b0299bbf00f6cfc0d42621 {\n  box-shadow: 0px 2px 0px 0px #91e1f3;\n}\n.btn-3d#default-btn-93ac628194b0299bbf00f6cfc0d42621:hover {\n  box-shadow: 0px 2px 0px 0px #a5def5;\n}\n.btn-flat#default-btn-93ac628194b0299bbf00f6cfc0d42621 {\n  box-shadow: none;\n}\n.btn-flat#default-btn-93ac628194b0299bbf00f6cfc0d42621:hover {\n  box-shadow: none;\n}\n#default-btn-93ac628194b0299bbf00f6cfc0d42621.ico-right-side > i {\n  margin-right: 0px;\n  margin-left: 8px;\n}\n#default-btn-93ac628194b0299bbf00f6cfc0d42621 > i {\n  margin-right: 8px;\n  font-size: 12px;\n}\n#default-btn-93ac628194b0299bbf00f6cfc0d42621:not(:hover) {\n  border-width: 0px;\n  border-color: #c2f4ff !important;\n  color: #0a0a0a;\n  background: #c2f4ff !important;\n  padding: 12px 12px 12px 12px;\n}\n#default-btn-93ac628194b0299bbf00f6cfc0d42621:not(:hover) * {\n  color: #0a0a0a;\n}\n#default-btn-93ac628194b0299bbf00f6cfc0d42621:hover {\n  border-width: 0px;\n  border-color: #d8f4ff !important;\n  color: #0a0a0a;\n  background: #d8f4ff !important;\n  padding: 12px 12px 12px 12px;\n}\n#default-btn-93ac628194b0299bbf00f6cfc0d42621:hover * {\n  color: #0a0a0a;\n}\n#default-btn-93ac628194b0299bbf00f6cfc0d42621.ico-right-side > i {\n  margin-right: 0px;\n  margin-left: 8px;\n}\n#default-btn-93ac628194b0299bbf00f6cfc0d42621 > i {\n  margin-right: 8px;\n}\n<\/style><div class=\"btn-align-left\"><a href=\"https:\/\/laescuelaloprimero.cotec.es\/lelp1\/retos\/\" class=\"default-btn-shortcode dt-btn link-hover-off btn3 btn-flat \" id=\"default-btn-93ac628194b0299bbf00f6cfc0d42621\" title=\"Retos\"><span>VER TODOS LOS RETOS<\/span><\/a><\/div>[\/vc_column][vc_column width=\u00bb1\/2&#8243;][\/vc_column][\/vc_row][vc_row css=\u00bb.vc_custom_1614102334699{padding-left: 22px !important;}\u00bb][vc_column css=\u00bb.vc_custom_1625219836204{padding-left: 2px !important;}\u00bb offset=\u00bbvc_hidden-lg vc_hidden-md vc_hidden-sm vc_hidden-xs\u00bb][vc_single_image image=\u00bb1279&#8243; img_size=\u00bbfull\u00bb alignment=\u00bbcenter\u00bb onclick=\u00bbcustom_link\u00bb link=\u00bbhttps:\/\/laescuelaloprimero.cotec.es\/lelp1\/laboratorios-de-acompanamiento\/\u00bb]<style type=\"text\/css\" data-type=\"the7_shortcodes-inline-css\">#default-btn-7874d535583b7b353b436655db3ff0f2 {\n  border-radius: 1px;\n  font-size: 30px;\n  line-height: 32px;\n}\n.btn-shadow#default-btn-7874d535583b7b353b436655db3ff0f2 {\n  box-shadow: 0 1px 6px rgba(0,0,0,0.12);\n  transition: box-shadow 0.2s ease-out, opacity 0.45s;\n}\n.btn-shadow#default-btn-7874d535583b7b353b436655db3ff0f2:hover {\n  box-shadow: 0 5px 11px 0 rgba(0,0,0,0.18), 0 4px 15px 0 rgba(0,0,0,0.15);\n}\n.btn-3d#default-btn-7874d535583b7b353b436655db3ff0f2 {\n  box-shadow: 0px 2px 0px 0px #7ff1b0;\n}\n.btn-3d#default-btn-7874d535583b7b353b436655db3ff0f2:hover {\n  box-shadow: 0px 2px 0px 0px #79a989;\n}\n.btn-flat#default-btn-7874d535583b7b353b436655db3ff0f2 {\n  box-shadow: none;\n}\n.btn-flat#default-btn-7874d535583b7b353b436655db3ff0f2:hover {\n  box-shadow: none;\n}\n#default-btn-7874d535583b7b353b436655db3ff0f2.ico-right-side > i {\n  margin-right: 0px;\n  margin-left: 8px;\n}\n#default-btn-7874d535583b7b353b436655db3ff0f2 > i {\n  margin-right: 8px;\n  font-size: 12px;\n}\n#default-btn-7874d535583b7b353b436655db3ff0f2:not(:hover) {\n  border-width: 0px;\n  border-color: #aeffd1 !important;\n  color: #0a0a0a;\n  background: #aeffd1 !important;\n  padding: 12px 12px 12px 12px;\n}\n#default-btn-7874d535583b7b353b436655db3ff0f2:not(:hover) * {\n  color: #0a0a0a;\n}\n#default-btn-7874d535583b7b353b436655db3ff0f2:hover {\n  border-width: 0px;\n  border-color: #8ed1a4 !important;\n  color: #0a0a0a;\n  background: #8ed1a4 !important;\n  padding: 12px 12px 12px 12px;\n}\n#default-btn-7874d535583b7b353b436655db3ff0f2:hover * {\n  color: #0a0a0a;\n}\n#default-btn-7874d535583b7b353b436655db3ff0f2.ico-right-side > i {\n  margin-right: 0px;\n  margin-left: 8px;\n}\n#default-btn-7874d535583b7b353b436655db3ff0f2 > i {\n  margin-right: 8px;\n}\n<\/style><div class=\"btn-align-left\"><a href=\"https:\/\/laescuelaloprimero.cotec.es\/lelp1\/laboratorios-de-acompanamiento\/\" class=\"default-btn-shortcode dt-btn link-hover-off btn3 btn-flat \" id=\"default-btn-7874d535583b7b353b436655db3ff0f2\" title=\"M\u00e1s informaci\u00f3n\"><span>M\u00c1S INFORMACI\u00d3N<\/span><\/a><\/div>[\/vc_column][\/vc_row][vc_row gap=\u00bb30&#8243; bg_type=\u00bbbg_color\u00bb bg_color_value=\u00bb#efc377&#8243; css=\u00bb.vc_custom_1612863896022{margin-right: 10px !important;margin-left: 10px !important;}\u00bb][vc_column width=\u00bb1\/3&#8243; offset=\u00bbvc_hidden-lg vc_hidden-md vc_hidden-sm vc_hidden-xs\u00bb][vc_single_image image=\u00bb772&#8243; img_size=\u00bbfull\u00bb alignment=\u00bbcenter\u00bb][\/vc_column][vc_column width=\u00bb2\/3&#8243; offset=\u00bbvc_hidden-lg vc_hidden-md vc_hidden-sm vc_hidden-xs\u00bb][vc_column_text]<\/p>\n<h3><span style=\"font-family: champion-htf-middle; font-size: 40px;\">CONVOCATORIA PARA PROFESORES \u2018LA ESCUELA, LO PRIMERO&#8217;<\/span><\/h3>\n<p>[\/vc_column_text][vc_column_text]Forma parte del laboratorio de innovaci\u00f3n educativo para plantear soluciones a los 10 retos a los que nos enfrentamos este curso.<\/p>\n<p>[\/vc_column_text][vc_btn title=\u00bbM\u00e1s informaci\u00f3n\u00bb style=\u00bbflat\u00bb shape=\u00bbsquare\u00bb color=\u00bbwhite\u00bb size=\u00bblg\u00bb align=\u00bbleft\u00bb i_icon_fontawesome=\u00bbfas fa-circle\u00bb add_icon=\u00bbtrue\u00bb link=\u00bburl:https%3A%2F%2Flaescuelaloprimero.cotec.es%2Flelp1%2Fparticipa%2F\u00bb el_class=\u00bbbotonblanco\u00bb][\/vc_column][\/vc_row][vc_row][vc_column][vc_video link=\u00bbhttps:\/\/youtu.be\/b4M-hjbtue0&#8243; align=\u00bbcenter\u00bb][\/vc_column][\/vc_row][vc_row css=\u00bb.vc_custom_1608200053498{padding-left: 25px !important;}\u00bb][vc_column css=\u00bb.vc_custom_1612797071014{background-color: #aeffd1 !important;background-position: center !important;background-repeat: no-repeat !important;background-size: cover !important;}\u00bb offset=\u00bbvc_hidden-lg vc_hidden-md vc_hidden-sm vc_hidden-xs\u00bb]<div class=\"ult-content-box-container \" >\t<a class=\"ult-content-box-anchor\" href=\"https:\/\/laescuelaloprimero.cotec.es %2lelp1\/quedada\/\" title=\"quedada\" >\t\t<div class=\"ult-content-box\" style=\"box-shadow: px px px px none;-webkit-transition: all 700ms ease;-moz-transition: all 700ms ease;-ms-transition: all 700ms ease;-o-transition: all 700ms ease;transition: all 700ms ease;\"  data-hover_box_shadow=\"none\"    >[vc_row_inner css=\u00bb.vc_custom_1612256457961{padding-right: 2% !important;padding-left: 2% !important;background-position: center !important;background-repeat: no-repeat !important;background-size: contain !important;}\u00bb][vc_column_inner width=\u00bb1\/6&#8243; offset=\u00bbvc_hidden-xs\u00bb][\/vc_column_inner][vc_column_inner width=\u00bb2\/3&#8243; css=\u00bb.vc_custom_1612256189973{background-color: #ffffff !important;background-position: center !important;background-repeat: no-repeat !important;background-size: contain !important;}\u00bb]<div id=\"ultimate-heading-899369ef3b4f0d898\" class=\"uvc-heading ult-adjust-bottom-margin ultimate-heading-899369ef3b4f0d898 uvc-5673 \" data-hspacer=\"no_spacer\"  data-halign=\"center\" style=\"text-align:center\"><div class=\"uvc-heading-spacer no_spacer\" style=\"top\"><\/div><div class=\"uvc-main-heading ult-responsive\"  data-ultimate-target='.uvc-heading.ultimate-heading-899369ef3b4f0d898 h4'  data-responsive-json-new='{\"font-size\":\"desktop:45px;mobile_landscape:38px;\",\"line-height\":\"desktop:46px;mobile_landscape:41px;\"}' ><h4 style=\"--font-weight:theme;color:#000000;margin-top:-15px;margin-bottom:10px;\">QUEDADA \u2018LA ESCUELA, LO PRIMERO\u2019<\/h4><\/div><\/div>[\/vc_column_inner][vc_column_inner width=\u00bb1\/6&#8243;][\/vc_column_inner][\/vc_row_inner][vc_row_inner][vc_column_inner width=\u00bb1\/2&#8243;][vc_single_image image=\u00bb1108&#8243; img_size=\u00bbfull\u00bb alignment=\u00bbcenter\u00bb][vc_column_text]<\/p>\n<h4 style=\"text-align: center;\"><span style=\"font-size: 26pt;\">JUEVES 4 DE FEBRERO<\/span><\/h4>\n<p>[\/vc_column_text][\/vc_column_inner][vc_column_inner width=\u00bb1\/2&#8243;][vc_single_image image=\u00bb1107&#8243; img_size=\u00bbfull\u00bb alignment=\u00bbcenter\u00bb][vc_column_text]<\/p>\n<h4 style=\"text-align: center;\"><span style=\"font-size: 26pt;\">17:30 EN DIRECTO<\/span><\/h4>\n<p>[\/vc_column_text][\/vc_column_inner][\/vc_row_inner][vc_row_inner css=\u00bb.vc_custom_1612256484882{padding-right: 6% !important;padding-left: 6% !important;}\u00bb][vc_column_inner width=\u00bb1\/4&#8243; offset=\u00bbvc_hidden-xs\u00bb][\/vc_column_inner][vc_column_inner width=\u00bb1\/2&#8243; css=\u00bb.vc_custom_1612256277928{background-color: #ffffff !important;background-position: center !important;background-repeat: no-repeat !important;background-size: contain !important;}\u00bb]<div id=\"ultimate-heading-2969ef3b4f0d8cc\" class=\"uvc-heading ult-adjust-bottom-margin ultimate-heading-2969ef3b4f0d8cc uvc-6919 \" data-hspacer=\"no_spacer\"  data-halign=\"center\" style=\"text-align:center\"><div class=\"uvc-heading-spacer no_spacer\" style=\"top\"><\/div><div class=\"uvc-main-heading ult-responsive\"  data-ultimate-target='.uvc-heading.ultimate-heading-2969ef3b4f0d8cc h4'  data-responsive-json-new='{\"font-size\":\"desktop:45px;mobile_landscape:38px;\",\"line-height\":\"desktop:46px;mobile_landscape:41px;\"}' ><h4 style=\"--font-weight:theme;color:#000000;margin-top:-15px;margin-bottom:10px;\">NO TE LO PIERDAS<\/h4><\/div><\/div>[\/vc_column_inner][vc_column_inner width=\u00bb1\/4&#8243;][\/vc_column_inner][\/vc_row_inner]\t\t<\/div>\t<\/a><\/div>[vc_empty_space][\/vc_column][\/vc_row][vc_row css=\u00bb.vc_custom_1608200102876{padding-left: 10px !important;}\u00bb][vc_column width=\u00bb1\/4&#8243; offset=\u00bbvc_hidden-lg vc_hidden-md vc_hidden-sm vc_hidden-xs\u00bb][vc_empty_space height=\u00bb12px\u00bb]<style type=\"text\/css\" data-type=\"the7_shortcodes-inline-css\">#default-btn-69e3f445733fa7034b2d224cef4b86e5 {\n  border-radius: 1px;\n  font-size: 30px;\n  line-height: 32px;\n}\n.btn-shadow#default-btn-69e3f445733fa7034b2d224cef4b86e5 {\n  box-shadow: 0 1px 6px rgba(0,0,0,0.12);\n  transition: box-shadow 0.2s ease-out, opacity 0.45s;\n}\n.btn-shadow#default-btn-69e3f445733fa7034b2d224cef4b86e5:hover {\n  box-shadow: 0 5px 11px 0 rgba(0,0,0,0.18), 0 4px 15px 0 rgba(0,0,0,0.15);\n}\n.btn-3d#default-btn-69e3f445733fa7034b2d224cef4b86e5 {\n  box-shadow: 0px 2px 0px 0px #7ff1b0;\n}\n.btn-3d#default-btn-69e3f445733fa7034b2d224cef4b86e5:hover {\n  box-shadow: 0px 2px 0px 0px #79a989;\n}\n.btn-flat#default-btn-69e3f445733fa7034b2d224cef4b86e5 {\n  box-shadow: none;\n}\n.btn-flat#default-btn-69e3f445733fa7034b2d224cef4b86e5:hover {\n  box-shadow: none;\n}\n#default-btn-69e3f445733fa7034b2d224cef4b86e5.ico-right-side > i {\n  margin-right: 0px;\n  margin-left: 8px;\n}\n#default-btn-69e3f445733fa7034b2d224cef4b86e5 > i {\n  margin-right: 8px;\n  font-size: 12px;\n}\n#default-btn-69e3f445733fa7034b2d224cef4b86e5:not(:hover) {\n  border-width: 0px;\n  border-color: #aeffd1 !important;\n  color: #0a0a0a;\n  background: #aeffd1 !important;\n  padding: 12px 12px 12px 12px;\n}\n#default-btn-69e3f445733fa7034b2d224cef4b86e5:not(:hover) * {\n  color: #0a0a0a;\n}\n#default-btn-69e3f445733fa7034b2d224cef4b86e5:hover {\n  border-width: 0px;\n  border-color: #8ed1a4 !important;\n  color: #0a0a0a;\n  background: #8ed1a4 !important;\n  padding: 12px 12px 12px 12px;\n}\n#default-btn-69e3f445733fa7034b2d224cef4b86e5:hover * {\n  color: #0a0a0a;\n}\n#default-btn-69e3f445733fa7034b2d224cef4b86e5.ico-right-side > i {\n  margin-right: 0px;\n  margin-left: 8px;\n}\n#default-btn-69e3f445733fa7034b2d224cef4b86e5 > i {\n  margin-right: 8px;\n}\n<\/style><div class=\"btn-align-left\"><a href=\"https:\/\/laescuelaloprimero.cotec.es\/lelp1\/quedada\/\" class=\"default-btn-shortcode dt-btn link-hover-off btn3 btn-flat \" id=\"default-btn-69e3f445733fa7034b2d224cef4b86e5\" title=\"Participa\"><span>ACCEDE AQU\u00cd<\/span><\/a><\/div>[\/vc_column][vc_column width=\u00bb3\/4&#8243;][\/vc_column][\/vc_row][vc_row][vc_column][vc_empty_space][\/vc_column][\/vc_row][vc_row css=\u00bb.vc_custom_1608200053498{padding-left: 25px !important;}\u00bb][vc_column css=\u00bb.vc_custom_1612258611073{background-color: #efc177 !important;background-position: center !important;background-repeat: no-repeat !important;background-size: cover !important;}\u00bb offset=\u00bbvc_hidden-lg vc_hidden-md vc_hidden-sm vc_hidden-xs\u00bb]<div class=\"ult-content-box-container \" >\t<a class=\"ult-content-box-anchor\" href=\"https:\/\/laescuelaloprimero.cotec.es %2lelp1\/retos\/\" title=\"Retos\" >\t\t<div class=\"ult-content-box\" style=\"box-shadow: px px px px none;-webkit-transition: all 700ms ease;-moz-transition: all 700ms ease;-ms-transition: all 700ms ease;-o-transition: all 700ms ease;transition: all 700ms ease;\"  data-hover_box_shadow=\"none\"    >[vc_row_inner][vc_column_inner width=\u00bb1\/5&#8243; offset=\u00bbvc_hidden-xs\u00bb][vc_single_image image=\u00bb945&#8243; img_size=\u00bbfull\u00bb alignment=\u00bbcenter\u00bb][\/vc_column_inner][vc_column_inner width=\u00bb1\/5&#8243; offset=\u00bbvc_hidden-xs\u00bb][vc_single_image image=\u00bb944&#8243; img_size=\u00bbfull\u00bb alignment=\u00bbcenter\u00bb][\/vc_column_inner][vc_column_inner width=\u00bb1\/5&#8243; offset=\u00bbvc_hidden-xs\u00bb][vc_single_image image=\u00bb943&#8243; img_size=\u00bbfull\u00bb alignment=\u00bbcenter\u00bb][\/vc_column_inner][vc_column_inner width=\u00bb1\/5&#8243; offset=\u00bbvc_hidden-xs\u00bb][vc_single_image image=\u00bb942&#8243; img_size=\u00bbfull\u00bb alignment=\u00bbcenter\u00bb][\/vc_column_inner][vc_column_inner width=\u00bb1\/5&#8243;][vc_single_image image=\u00bb941&#8243; img_size=\u00bbfull\u00bb alignment=\u00bbcenter\u00bb][\/vc_column_inner][\/vc_row_inner]<div id=\"ultimate-heading-271169ef3b4f0da0b\" class=\"uvc-heading ult-adjust-bottom-margin ultimate-heading-271169ef3b4f0da0b uvc-3713 \" data-hspacer=\"no_spacer\"  data-halign=\"center\" style=\"text-align:center\"><div class=\"uvc-heading-spacer no_spacer\" style=\"top\"><\/div><div class=\"uvc-main-heading ult-responsive\"  data-ultimate-target='.uvc-heading.ultimate-heading-271169ef3b4f0da0b h4'  data-responsive-json-new='{\"font-size\":\"desktop:45px;mobile_landscape:38px;\",\"line-height\":\"desktop:46px;mobile_landscape:41px;\"}' ><h4 style=\"--font-weight:theme;color:#000000;\">NUEVAS PROPUESTAS PR\u00c1CTICAS DISPONIBLES<\/h4><\/div><\/div>[vc_row_inner css=\u00bb.vc_custom_1608131853741{padding-right: 3% !important;padding-left: 3% !important;}\u00bb][vc_column_inner width=\u00bb1\/4&#8243; offset=\u00bbvc_hidden-xs\u00bb][vc_single_image image=\u00bb949&#8243; img_size=\u00bbfull\u00bb alignment=\u00bbcenter\u00bb][\/vc_column_inner][vc_column_inner width=\u00bb1\/4&#8243; offset=\u00bbvc_hidden-xs\u00bb][vc_single_image image=\u00bb948&#8243; img_size=\u00bbfull\u00bb alignment=\u00bbcenter\u00bb][\/vc_column_inner][vc_column_inner width=\u00bb1\/4&#8243; offset=\u00bbvc_hidden-xs\u00bb][vc_single_image image=\u00bb947&#8243; img_size=\u00bbfull\u00bb alignment=\u00bbcenter\u00bb][\/vc_column_inner][vc_column_inner width=\u00bb1\/4&#8243;][vc_single_image image=\u00bb946&#8243; img_size=\u00bbfull\u00bb alignment=\u00bbcenter\u00bb][\/vc_column_inner][\/vc_row_inner]\t\t<\/div>\t<\/a><\/div>[\/vc_column][\/vc_row][vc_row][vc_column offset=\u00bbvc_hidden-lg vc_hidden-md vc_hidden-sm vc_hidden-xs\u00bb][vc_empty_space]<div class=\" ubtn-ctn-left \"><button type=\"button\" id=\"ubtn-8172\"  class=\"ubtn ult-adjust-bottom-margin ult-responsive ubtn-mini ubtn-no-hover-bg  none  ubtn-left   tooltip-69ef3b4f0da44\"  data-hover=\"\" data-border-color=\"\" data-bg=\"#00ff00\" data-hover-bg=\"\" data-border-hover=\"\" data-shadow-hover=\"\" data-shadow-click=\"none\" data-shadow=\"\" data-shd-shadow=\"\"  data-ultimate-target='#ubtn-8172'  data-responsive-json-new='{\"font-size\":\"desktop:45px;mobile_landscape:35px;\",\"line-height\":\"\"}'  style=\"font-weight:normal;border:none;background: #00ff00;color: #000000;\"><span class=\"ubtn-hover\" style=\"background-color:\"><\/span><span class=\"ubtn-data ubtn-text \" >#LAESCUELAENLADESESCALADA<\/span><\/button><\/div>[\/vc_column][\/vc_row][vc_row][vc_column]<div class=\"ult-spacer spacer-69ef3b4f0da72\" data-id=\"69ef3b4f0da72\" data-height=\"32\" data-height-mobile=\"1\" data-height-tab=\"30\" data-height-tab-portrait=\"30\" data-height-mobile-landscape=\"1\" style=\"clear:both;display:block;\"><\/div>[\/vc_column][\/vc_row]<\/p>\n","protected":false},"excerpt":{"rendered":"<p>[vc_row gap=\u00bb5&#8243; content_placement=\u00bbmiddle\u00bb bg_type=\u00bbbg_color\u00bb bg_color_value=\u00bb#ffb7c3&#8243; css=\u00bb.vc_custom_1646996277550{margin-top: -50px !important;margin-left: -2px !important;padding-top: 10px !important;}\u00bb][vc_column][\/vc_column][\/vc_row][vc_row content_placement=\u00bbmiddle\u00bb css=\u00bb.vc_custom_1646994539656{padding-left: 10px !important;}\u00bb][vc_column][vc_column_text css=\u00bb.vc_custom_1646997318659{padding-top: 13px !important;padding-right: 10px !important;padding-bottom: 10px !important;padding-left: 10px !important;background-color: #ffffff !important;}\u00bb]La escuela, lo primero\u00a0es un proyecto de innovaci\u00f3n impulsado por la Fundaci\u00f3n Cotec en el curso escolar 2020\/2021 cuyo primer objetivo fue facilitar la labor de docentes, centros educativos&hellip;<\/p>\n","protected":false},"author":1,"featured_media":264,"parent":0,"menu_order":0,"comment_status":"closed","ping_status":"open","template":"","meta":[],"yoast_head":"<!-- This site is optimized with the Yoast SEO plugin v19.6.1 - https:\/\/yoast.com\/wordpress\/plugins\/seo\/ -->\n<title>La escuela, lo primero - Cotec<\/title>\n<meta name=\"description\" content=\"La escuela, lo primero\" \/>\n<meta name=\"robots\" content=\"index, follow, max-snippet:-1, max-image-preview:large, max-video-preview:-1\" \/>\n<link rel=\"canonical\" href=\"https:\/\/laescuelaloprimero.cotec.es\/lelp1\/\" \/>\n<meta property=\"og:locale\" content=\"es_ES\" \/>\n<meta property=\"og:type\" content=\"article\" \/>\n<meta property=\"og:title\" content=\"La escuela, lo primero - Cotec\" \/>\n<meta property=\"og:description\" content=\"La escuela, lo primero\" \/>\n<meta property=\"og:url\" content=\"https:\/\/laescuelaloprimero.cotec.es\/lelp1\/\" \/>\n<meta property=\"og:site_name\" content=\"Cotec\" \/>\n<meta property=\"article:modified_time\" content=\"2023-02-02T08:43:02+00:00\" \/>\n<meta property=\"og:image\" content=\"https:\/\/laescuelaloprimero.cotec.es\/lelp1\/wp-content\/uploads\/2020\/08\/logo_escuela.png\" \/>\n\t<meta property=\"og:image:width\" content=\"159\" \/>\n\t<meta property=\"og:image:height\" content=\"104\" \/>\n\t<meta property=\"og:image:type\" content=\"image\/png\" \/>\n<meta name=\"twitter:card\" content=\"summary_large_image\" \/>\n<meta name=\"twitter:label1\" content=\"Tiempo de lectura\" \/>\n\t<meta name=\"twitter:data1\" content=\"4 minutos\" \/>\n<script type=\"application\/ld+json\" class=\"yoast-schema-graph\">{\"@context\":\"https:\/\/schema.org\",\"@graph\":[{\"@type\":\"WebPage\",\"@id\":\"https:\/\/laescuelaloprimero.cotec.es\/lelp1\/\",\"url\":\"https:\/\/laescuelaloprimero.cotec.es\/lelp1\/\",\"name\":\"La escuela, lo primero - Cotec\",\"isPartOf\":{\"@id\":\"https:\/\/laescuelaloprimero.cotec.es\/lelp1\/#website\"},\"datePublished\":\"2020-08-19T07:45:12+00:00\",\"dateModified\":\"2023-02-02T08:43:02+00:00\",\"description\":\"La escuela, lo primero\",\"breadcrumb\":{\"@id\":\"https:\/\/laescuelaloprimero.cotec.es\/lelp1\/#breadcrumb\"},\"inLanguage\":\"es\",\"potentialAction\":[{\"@type\":\"ReadAction\",\"target\":[\"https:\/\/laescuelaloprimero.cotec.es\/lelp1\/\"]}]},{\"@type\":\"BreadcrumbList\",\"@id\":\"https:\/\/laescuelaloprimero.cotec.es\/lelp1\/#breadcrumb\",\"itemListElement\":[{\"@type\":\"ListItem\",\"position\":1,\"name\":\"Portada\",\"item\":\"https:\/\/laescuelaloprimero.cotec.es\/lelp1\/\"},{\"@type\":\"ListItem\",\"position\":2,\"name\":\"La escuela, lo primero\"}]},{\"@type\":\"WebSite\",\"@id\":\"https:\/\/laescuelaloprimero.cotec.es\/lelp1\/#website\",\"url\":\"https:\/\/laescuelaloprimero.cotec.es\/lelp1\/\",\"name\":\"Cotec\",\"description\":\"\",\"potentialAction\":[{\"@type\":\"SearchAction\",\"target\":{\"@type\":\"EntryPoint\",\"urlTemplate\":\"https:\/\/laescuelaloprimero.cotec.es\/lelp1\/?s={search_term_string}\"},\"query-input\":\"required name=search_term_string\"}],\"inLanguage\":\"es\"}]}<\/script>\n<!-- \/ Yoast SEO plugin. -->","yoast_head_json":{"title":"La escuela, lo primero - Cotec","description":"La escuela, lo primero","robots":{"index":"index","follow":"follow","max-snippet":"max-snippet:-1","max-image-preview":"max-image-preview:large","max-video-preview":"max-video-preview:-1"},"canonical":"https:\/\/laescuelaloprimero.cotec.es\/lelp1\/","og_locale":"es_ES","og_type":"article","og_title":"La escuela, lo primero - Cotec","og_description":"La escuela, lo primero","og_url":"https:\/\/laescuelaloprimero.cotec.es\/lelp1\/","og_site_name":"Cotec","article_modified_time":"2023-02-02T08:43:02+00:00","og_image":[{"width":159,"height":104,"url":"https:\/\/laescuelaloprimero.cotec.es\/lelp1\/wp-content\/uploads\/2020\/08\/logo_escuela.png","type":"image\/png"}],"twitter_card":"summary_large_image","twitter_misc":{"Tiempo de lectura":"4 minutos"},"schema":{"@context":"https:\/\/schema.org","@graph":[{"@type":"WebPage","@id":"https:\/\/laescuelaloprimero.cotec.es\/lelp1\/","url":"https:\/\/laescuelaloprimero.cotec.es\/lelp1\/","name":"La escuela, lo primero - Cotec","isPartOf":{"@id":"https:\/\/laescuelaloprimero.cotec.es\/lelp1\/#website"},"datePublished":"2020-08-19T07:45:12+00:00","dateModified":"2023-02-02T08:43:02+00:00","description":"La escuela, lo primero","breadcrumb":{"@id":"https:\/\/laescuelaloprimero.cotec.es\/lelp1\/#breadcrumb"},"inLanguage":"es","potentialAction":[{"@type":"ReadAction","target":["https:\/\/laescuelaloprimero.cotec.es\/lelp1\/"]}]},{"@type":"BreadcrumbList","@id":"https:\/\/laescuelaloprimero.cotec.es\/lelp1\/#breadcrumb","itemListElement":[{"@type":"ListItem","position":1,"name":"Portada","item":"https:\/\/laescuelaloprimero.cotec.es\/lelp1\/"},{"@type":"ListItem","position":2,"name":"La escuela, lo primero"}]},{"@type":"WebSite","@id":"https:\/\/laescuelaloprimero.cotec.es\/lelp1\/#website","url":"https:\/\/laescuelaloprimero.cotec.es\/lelp1\/","name":"Cotec","description":"","potentialAction":[{"@type":"SearchAction","target":{"@type":"EntryPoint","urlTemplate":"https:\/\/laescuelaloprimero.cotec.es\/lelp1\/?s={search_term_string}"},"query-input":"required name=search_term_string"}],"inLanguage":"es"}]}},"_links":{"self":[{"href":"https:\/\/laescuelaloprimero.cotec.es\/lelp1\/wp-json\/wp\/v2\/pages\/167"}],"collection":[{"href":"https:\/\/laescuelaloprimero.cotec.es\/lelp1\/wp-json\/wp\/v2\/pages"}],"about":[{"href":"https:\/\/laescuelaloprimero.cotec.es\/lelp1\/wp-json\/wp\/v2\/types\/page"}],"author":[{"embeddable":true,"href":"https:\/\/laescuelaloprimero.cotec.es\/lelp1\/wp-json\/wp\/v2\/users\/1"}],"replies":[{"embeddable":true,"href":"https:\/\/laescuelaloprimero.cotec.es\/lelp1\/wp-json\/wp\/v2\/comments?post=167"}],"version-history":[{"count":136,"href":"https:\/\/laescuelaloprimero.cotec.es\/lelp1\/wp-json\/wp\/v2\/pages\/167\/revisions"}],"predecessor-version":[{"id":1553,"href":"https:\/\/laescuelaloprimero.cotec.es\/lelp1\/wp-json\/wp\/v2\/pages\/167\/revisions\/1553"}],"wp:featuredmedia":[{"embeddable":true,"href":"https:\/\/laescuelaloprimero.cotec.es\/lelp1\/wp-json\/wp\/v2\/media\/264"}],"wp:attachment":[{"href":"https:\/\/laescuelaloprimero.cotec.es\/lelp1\/wp-json\/wp\/v2\/media?parent=167"}],"curies":[{"name":"wp","href":"https:\/\/api.w.org\/{rel}","templated":true}]}}