{"id":85,"date":"2020-08-14T07:03:32","date_gmt":"2020-08-14T07:03:32","guid":{"rendered":"https:\/\/%20%20https:\/\/laescuelaloprimero.cotec.es\/lelp1\/?page_id=85"},"modified":"2022-09-14T11:40:47","modified_gmt":"2022-09-14T11:40:47","slug":"retos","status":"publish","type":"page","link":"https:\/\/laescuelaloprimero.cotec.es\/lelp1\/retos\/","title":{"rendered":"Retos"},"content":{"rendered":"<p>[vc_row gap=\u00bb35&#8243; equal_height=\u00bbyes\u00bb content_placement=\u00bbtop\u00bb bg_type=\u00bbbg_color\u00bb css=\u00bb.vc_custom_1598521741464{margin-top: -50px !important;margin-left: 2px !important;}\u00bb bg_color_value=\u00bb#c2f4ff\u00bb][vc_column]<div id=\"ultimate-heading-759369edf5007592e\" class=\"uvc-heading ult-adjust-bottom-margin ultimate-heading-759369edf5007592e uvc-6901 \" data-hspacer=\"no_spacer\"  data-halign=\"left\" style=\"text-align:left\"><div class=\"uvc-heading-spacer no_spacer\" style=\"top\"><\/div><div class=\"uvc-main-heading ult-responsive\"  data-ultimate-target='.uvc-heading.ultimate-heading-759369edf5007592e h2'  data-responsive-json-new='{\"font-size\":\"desktop:105px;\",\"line-height\":\"desktop:105px;\"}' ><h2 style=\"--font-weight:theme;color:#000000;margin-top:-15px;\">RETOS<\/h2><\/div><\/div>[\/vc_column][\/vc_row][vc_row content_placement=\u00bbmiddle\u00bb][vc_column offset=\u00bbvc_hidden-lg vc_hidden-md vc_hidden-sm vc_hidden-xs\u00bb][vc_empty_space][vc_column_text css=\u00bb.vc_custom_1599035368371{padding-top: 10px !important;padding-right: 10px !important;padding-bottom: 10px !important;padding-left: 10px !important;background-color: #ffffff !important;}\u00bb]<a href=\"https:\/\/twitter.com\/search?q=%23LaEscuelaenDesescalada&amp;src=typeahead_click&amp;f=live\" target=\"_blank\" rel=\"noopener noreferrer\"><strong>&#8216;La Escuela en Desescalada&#8217;<\/strong><\/a> es un <strong>laboratorio de innovaci\u00f3n educativa<\/strong> focalizado en el \u00a0<strong>acompa\u00f1amiento y cocreaci\u00f3n entre docentes<\/strong>. Se articula en torno al trabajo en equipos vinculados a retos, y que confluye en el dise\u00f1o final de diversos productos (planes, protocolos, gu\u00edas, cuestionarios\u2026), que ser\u00e1n propuestas concretas para que la escuela pueda arrancar y avanzar este curso tan extraordinario al que nos enfrentamos.<\/p>\n<p>&nbsp;<\/p>\n<p>En la primera edici\u00f3n, en colaboraci\u00f3n con Escuela21, han participado <strong>50 profesores y directores<\/strong> de diferentes colegios e institutos de Espa\u00f1a, organizados en equipos de trabajo en torno a <strong>10 retos<\/strong>, que recogen diez inquietudes derivadas de la \u201cnueva normalidad\u201d escolar a la que se deber\u00e1n enfrentar alumnos, docentes y familias. Esta primera red de docentes participantes ha generado como resultado <strong>diez propuestas pr\u00e1cticas de aplicaci\u00f3n en los centros<\/strong>, que permiten responder a las nuevas preguntas y situaciones a las que se enfrenta la comunidad educativa este curso, y que se ir\u00e1n enriqueciendo con nuevas soluciones derivadas de pr\u00f3ximas ediciones de este proceso.[\/vc_column_text][vc_empty_space height=\u00bb38px\u00bb][\/vc_column][\/vc_row][vc_row content_placement=\u00bbmiddle\u00bb][vc_column][vc_empty_space][vc_column_text css=\u00bb.vc_custom_1646997538502{padding-top: 10px !important;padding-right: 10px !important;padding-bottom: 10px !important;padding-left: 10px !important;background-color: #ffffff !important;}\u00bb]En una primera fase, <em><mark>La escuela, lo primero<\/mark>\u00a0<\/em>se concibi\u00f3 como un laboratorio de innovaci\u00f3n educativa focalizado en el acompa\u00f1amiento y la cocreaci\u00f3n entre docentes. Se articul\u00f3 en torno al trabajo en equipo vinculados a retos y gener\u00f3 diversas propuestas pr\u00e1cticas (planes, protocolos, gu\u00edas, cuestionarios\u2026).<\/p>\n<p>Durante el curso escolar 2020\/201 participaron m\u00e1s de 200 profesores y directores de diferentes colegios e institutos de Espa\u00f1a, organizados por grupos de trabajo en torno a los retos que recog\u00edan diez inquietudes derivadas de la \u201cnueva normalidad\u201d escolar. De estos laboratorios de innovaci\u00f3n surgieron casi cincuenta soluciones innovadoras para aplicar en los centros.[\/vc_column_text][vc_empty_space height=\u00bb20px\u00bb]<style type=\"text\/css\" data-type=\"the7_shortcodes-inline-css\">#default-btn-54347addc9e308da4b532d56c9fec5be {\n  border-radius: 1px;\n  font-size: 30px;\n  line-height: 32px;\n}\n.btn-shadow#default-btn-54347addc9e308da4b532d56c9fec5be {\n  box-shadow: 0 1px 6px rgba(0,0,0,0.12);\n  transition: box-shadow 0.2s ease-out, opacity 0.45s;\n}\n.btn-shadow#default-btn-54347addc9e308da4b532d56c9fec5be:hover {\n  box-shadow: 0 5px 11px 0 rgba(0,0,0,0.18), 0 4px 15px 0 rgba(0,0,0,0.15);\n}\n.btn-3d#default-btn-54347addc9e308da4b532d56c9fec5be {\n  box-shadow: 0px 2px 0px 0px #7ff1b0;\n}\n.btn-3d#default-btn-54347addc9e308da4b532d56c9fec5be:hover {\n  box-shadow: 0px 2px 0px 0px #a3f5bd;\n}\n.btn-flat#default-btn-54347addc9e308da4b532d56c9fec5be {\n  box-shadow: none;\n}\n.btn-flat#default-btn-54347addc9e308da4b532d56c9fec5be:hover {\n  box-shadow: none;\n}\n#default-btn-54347addc9e308da4b532d56c9fec5be.ico-right-side > i {\n  margin-right: 0px;\n  margin-left: 8px;\n}\n#default-btn-54347addc9e308da4b532d56c9fec5be > i {\n  margin-right: 8px;\n  font-size: 12px;\n}\n#default-btn-54347addc9e308da4b532d56c9fec5be:not(:hover) {\n  border-width: 0px;\n  border-color: #aeffd1 !important;\n  color: #0a0a0a;\n  background: #aeffd1 !important;\n  padding: 12px 12px 12px 12px;\n}\n#default-btn-54347addc9e308da4b532d56c9fec5be:not(:hover) * {\n  color: #0a0a0a;\n}\n#default-btn-54347addc9e308da4b532d56c9fec5be:hover {\n  border-width: 0px;\n  border-color: #d6ffe3 !important;\n  color: #0a0a0a;\n  background: #d6ffe3 !important;\n  padding: 12px 12px 12px 12px;\n}\n#default-btn-54347addc9e308da4b532d56c9fec5be:hover * {\n  color: #0a0a0a;\n}\n#default-btn-54347addc9e308da4b532d56c9fec5be.ico-right-side > i {\n  margin-right: 0px;\n  margin-left: 8px;\n}\n#default-btn-54347addc9e308da4b532d56c9fec5be > i {\n  margin-right: 8px;\n}\n<\/style><div class=\"btn-align-left\"><a href=\"https:\/\/online.flippingbook.com\/view\/929982896\/\" class=\"default-btn-shortcode dt-btn link-hover-off btn3 btn-flat \" target=\"_blank\" id=\"default-btn-54347addc9e308da4b532d56c9fec5be\" title=\"DESCARGAR RESUMEN\" rel=\"noopener\"><span>DESCARGAR RESUMEN<\/span><\/a><\/div>[vc_empty_space height=\u00bb45px\u00bb][\/vc_column][\/vc_row][vc_row gap=\u00bb4&#8243; content_placement=\u00bbtop\u00bb][vc_column width=\u00bb1\/5&#8243;]<div class=\"ult-content-box-container \" >\t<a class=\"ult-content-box-anchor\" href=\"https:\/\/laescuelaloprimero.cotec.es\/lelp1\/reto-1-como-trabajar-en-comunidad-en-tiempos-de-crisis\/\" title=\"RETO #1 \u00bfC\u00d3MO TRABAJAR EN COMUNIDAD EN TIEMPOS DE CRISIS?\" >\t\t<div class=\"ult-content-box\" style=\"background-color:#aeffd1;box-shadow: px px px px none;padding-top:25px;padding-right:20px;padding-bottom:15px;padding-left:20px;min-height:235px;-webkit-transition: background 26ms ease;-moz-transition: background 26ms ease;-ms-transition: background 26ms ease;-o-transition: background 26ms ease;transition: background 26ms ease;\"  data-hover_bg_color=\"#e8ffee\"  data-hover_box_shadow=\" px px px px none\"  data-hover_border_color=\"#aeffd1\"     data-bg=\"#aeffd1\" >[vc_column_text]<span style=\"font-family: champion-htf; font-size: 28pt; color: #000000;\">#1<\/span><\/p>\n<h4><span style=\"font-family: champion-htf-middle; font-size: 13pt; color: #000000;\">\u00bfC\u00d3MO TRABAJAR EN COMUNIDAD EN TIEMPOS DE CRISIS?<\/span><\/h4>\n<p>[\/vc_column_text]\t\t<\/div>\t<\/a><\/div>[\/vc_column][vc_column width=\u00bb1\/5&#8243;]<div class=\"ult-content-box-container \" >\t<a class=\"ult-content-box-anchor\" href=\"https:\/\/laescuelaloprimero.cotec.es\/lelp1\/reto-2-como-mapear-recursos-y-establecer-alianzas-para-nuestra-comunidad-educativa\/\" title=\"RETO #2 \u00bfC\u00d3MO MAPEAR RECURSOS Y ESTABLECER ALIANZAS PARA NUESTRA COMUNIDAD EDUCATIVA?\" >\t\t<div class=\"ult-content-box\" style=\"background-color:#ffb7c3;box-shadow: px px px px none;padding-top:25px;padding-right:20px;padding-bottom:15px;padding-left:20px;min-height:235px;-webkit-transition: background 26ms ease;-moz-transition: background 26ms ease;-ms-transition: background 26ms ease;-o-transition: background 26ms ease;transition: background 26ms ease;\"  data-hover_bg_color=\"#ffe0e4\"  data-hover_box_shadow=\" px px px px none\"  data-hover_border_color=\"#ffb7c3\"     data-bg=\"#ffb7c3\" >[vc_column_text]<span style=\"font-size: 28pt; font-family: champion-htf; color: #000000;\">#2<\/span><\/p>\n<h4><span style=\"font-family: champion-htf-middle; font-size: 13pt; color: #000000;\">\u00bfC\u00d3MO MAPEAR RECURSOS Y ESTABLECER ALIANZAS PARA NUESTRA COMUNIDAD EDUCATIVA?<\/span><\/h4>\n<p>[\/vc_column_text]\t\t<\/div>\t<\/a><\/div>[\/vc_column][vc_column width=\u00bb1\/5&#8243;]<div class=\"ult-content-box-container \" >\t<a class=\"ult-content-box-anchor\" href=\"https:\/\/laescuelaloprimero.cotec.es\/lelp1\/reto-3-que-saben-y-necesitan-los-ninos-para-aprender-por-si-mismos\/\" title=\"RETO #3 \u00bfQU\u00c9 SABEN Y NECESITAN LOS NI\u00d1OS PARA APRENDER POR S\u00cd MISMOS?\" >\t\t<div class=\"ult-content-box\" style=\"background-color:#c2f4ff;box-shadow: px px px px none;padding-top:25px;padding-right:20px;padding-bottom:15px;padding-left:20px;min-height:235px;-webkit-transition: background 26ms ease;-moz-transition: background 26ms ease;-ms-transition: background 26ms ease;-o-transition: background 26ms ease;transition: background 26ms ease;\"  data-hover_bg_color=\"#e5f6ff\"  data-hover_box_shadow=\" px px px px none\"  data-hover_border_color=\"#c2f4ff\"     data-bg=\"#c2f4ff\" >[vc_column_text]<span style=\"font-size: 28pt; font-family: champion-htf; color: #000000;\">#3<\/span><\/p>\n<h4><span style=\"font-family: champion-htf-middle; font-size: 13pt;\"><span style=\"color: #000000;\">\u00bfQU\u00c9 SABEN Y NECESITAN LOS NI\u00d1OS PARA APRENDER POR S\u00cd MISMOS?<\/span><br \/>\n<\/span><\/h4>\n<p>[\/vc_column_text]\t\t<\/div>\t<\/a><\/div>[\/vc_column][vc_column width=\u00bb1\/5&#8243;]<div class=\"ult-content-box-container \" >\t<a class=\"ult-content-box-anchor\" href=\"https:\/\/laescuelaloprimero.cotec.es\/lelp1\/reto-4-como-organizar-tiempos-y-espacios-de-forma-flexible\/\" title=\"RETO #4 \u00bfC\u00d3MO ORGANIZAR TIEMPOS Y ESPACIOS DE FORMA FLEXIBLE?\" >\t\t<div class=\"ult-content-box\" style=\"background-color:#ffffb0;box-shadow: px px px px none;padding-top:25px;padding-right:20px;padding-bottom:15px;padding-left:20px;min-height:235px;-webkit-transition: background 26ms ease;-moz-transition: background 26ms ease;-ms-transition: background 26ms ease;-o-transition: background 26ms ease;transition: background 26ms ease;\"  data-hover_bg_color=\"#ffffe0\"  data-hover_box_shadow=\" px px px px none\"  data-hover_border_color=\"#ffffb0\"     data-bg=\"#ffffb0\" >[vc_column_text]<span style=\"font-size: 28pt; font-family: champion-htf; color: #000000;\">#4<\/span><\/p>\n<h4><span style=\"font-family: champion-htf-middle; font-size: 13pt;\"><span style=\"color: #000000;\">\u00bfC\u00d3MO ORGANIZAR TIEMPOS Y ESPACIOS DE FORMA FLEXIBLE?<\/span><br \/>\n<\/span><\/h4>\n<p>[\/vc_column_text]\t\t<\/div>\t<\/a><\/div>[\/vc_column][vc_column width=\u00bb1\/5&#8243;]<div class=\"ult-content-box-container \" >\t<a class=\"ult-content-box-anchor\" href=\"https:\/\/laescuelaloprimero.cotec.es\/lelp1\/reto-5-como-desarrollar-la-colaboracion-en-equipos-que-trabajan-en-remoto\/\" title=\"RETO #5 \u00bfC\u00d3MO DESARROLLAR LA COLABORACI\u00d3N EN EQUIPOS QUE TRABAJAN EN REMOTO?\" >\t\t<div class=\"ult-content-box\" style=\"background-color:#aeffd1;box-shadow: px px px px none;padding-top:25px;padding-right:12px;padding-bottom:15px;padding-left:12px;min-height:235px;-webkit-transition: background 26ms ease;-moz-transition: background 26ms ease;-ms-transition: background 26ms ease;-o-transition: background 26ms ease;transition: background 26ms ease;\"  data-hover_bg_color=\"#e8ffee\"  data-hover_box_shadow=\" px px px px none\"  data-hover_border_color=\"#aeffd1\"     data-bg=\"#aeffd1\" >[vc_column_text]<span style=\"font-size: 28pt; font-family: champion-htf; color: #000000;\">#5<\/span><\/p>\n<h4><span style=\"font-family: champion-htf-middle; font-size: 13pt; color: #000000;\">\u00bfC\u00d3MO DESARROLLAR LA COLABORACI\u00d3N EN EQUIPOS QUE TRABAJAN EN REMOTO?<\/span><\/h4>\n<p>[\/vc_column_text]\t\t<\/div>\t<\/a><\/div>[\/vc_column][\/vc_row][vc_row][vc_column]<div class=\"ult-spacer spacer-69edf50076f1d\" data-id=\"69edf50076f1d\" data-height=\"32\" data-height-mobile=\"1\" data-height-tab=\"30\" data-height-tab-portrait=\"30\" data-height-mobile-landscape=\"1\" style=\"clear:both;display:block;\"><\/div>[\/vc_column][\/vc_row][vc_row gap=\u00bb4&#8243; content_placement=\u00bbtop\u00bb][vc_column width=\u00bb1\/5&#8243;]<div class=\"ult-content-box-container \" >\t<a class=\"ult-content-box-anchor\" href=\"https:\/\/laescuelaloprimero.cotec.es\/lelp1\/reto-6-como-transferir-las-metodologias-activas-al-entorno-virtual\/\" title=\"RETO #6 \u00bfC\u00d3MO TRANSFERIR LAS METODOLOG\u00cdAS ACTIVAS AL ENTORNO VIRTUAL?\" >\t\t<div class=\"ult-content-box\" style=\"background-color:#ffb7c3;box-shadow: px px px px none;padding-top:25px;padding-right:20px;padding-bottom:15px;padding-left:20px;min-height:235px;-webkit-transition: background 26ms ease;-moz-transition: background 26ms ease;-ms-transition: background 26ms ease;-o-transition: background 26ms ease;transition: background 26ms ease;\"  data-hover_bg_color=\"#ffe0e4\"  data-hover_box_shadow=\" px px px px none\"  data-hover_border_color=\"#ffb7c3\"     data-bg=\"#ffb7c3\" >[vc_column_text]<span style=\"font-size: 28pt; font-family: champion-htf; color: #000000;\">#6<\/span><\/p>\n<h4><span style=\"font-family: champion-htf-middle; font-size: 13pt;\"><span style=\"color: #000000;\">\u00bfC\u00d3MO TRANSFERIR LAS METODOLOG\u00cdAS ACTIVAS AL ENTORNO VIRTUAL?<\/span><br \/>\n<\/span><\/h4>\n<p>[\/vc_column_text]\t\t<\/div>\t<\/a><\/div>[\/vc_column][vc_column width=\u00bb1\/5&#8243;]<div class=\"ult-content-box-container \" >\t<a class=\"ult-content-box-anchor\" href=\"https:\/\/laescuelaloprimero.cotec.es\/lelp1\/reto-7-como-atender-las-necesidades-educativas-especiales-en-la-escuela-post-covid\/\" title=\"RETO #7 \u00bfC\u00d3MO ATENDER LAS NECESIDADES EDUCATIVAS ESPECIALES EN LA ESCUELA POST- COVID?\" >\t\t<div class=\"ult-content-box\" style=\"background-color:#c2f4ff;box-shadow: px px px px none;padding-top:25px;padding-right:20px;padding-bottom:15px;padding-left:20px;min-height:235px;-webkit-transition: background 26ms ease;-moz-transition: background 26ms ease;-ms-transition: background 26ms ease;-o-transition: background 26ms ease;transition: background 26ms ease;\"  data-hover_bg_color=\"#e5f6ff\"  data-hover_box_shadow=\" px px px px none\"  data-hover_border_color=\"#c2f4ff\"     data-bg=\"#c2f4ff\" >[vc_column_text]<span style=\"font-size: 28pt; font-family: champion-htf; color: #000000;\">#7<\/span><\/p>\n<h4><span style=\"font-family: champion-htf-middle; font-size: 13pt; color: #000000;\">\u00bfC\u00d3MO ATENDER LAS NECESIDADES EDUCATIVAS ESPECIALES EN LA ESCUELA POST COVID?<\/span><\/h4>\n<p>[\/vc_column_text]\t\t<\/div>\t<\/a><\/div>[\/vc_column][vc_column width=\u00bb1\/5&#8243;]<div class=\"ult-content-box-container \" >\t<a class=\"ult-content-box-anchor\" href=\"https:\/\/laescuelaloprimero.cotec.es\/lelp1\/reto-8-como-cuidar-la-convivencia-de-la-comunidad-educativa-en-la-escuela-post-covid\/\" title=\"RETO #8 \u00bfC\u00d3MO CUIDAR LA CONVIVENCIA DE LA COMUNIDAD EDUCATIVA EN LA ESCUELA POST-COVID?\" >\t\t<div class=\"ult-content-box\" style=\"background-color:#ffffb0;box-shadow: px px px px none;padding-top:25px;padding-right:20px;padding-bottom:15px;padding-left:20px;min-height:235px;-webkit-transition: background 26ms ease;-moz-transition: background 26ms ease;-ms-transition: background 26ms ease;-o-transition: background 26ms ease;transition: background 26ms ease;\"  data-hover_bg_color=\"#ffffe0\"  data-hover_box_shadow=\" px px px px none\"  data-hover_border_color=\"#ffffb0\"     data-bg=\"#ffffb0\" >[vc_column_text]<span style=\"font-size: 28pt; font-family: champion-htf; color: #000000;\">#8<\/span><\/p>\n<h4><span style=\"font-family: champion-htf-middle; font-size: 13pt; color: #000000;\">\u00bfC\u00d3MO CUIDAR LA CONVIVENCIA DE LA COMUNIDAD EDUCATIVA EN LA ESCUELA POST COVID?<\/span><\/h4>\n<p>[\/vc_column_text]\t\t<\/div>\t<\/a><\/div>[\/vc_column][vc_column width=\u00bb1\/5&#8243;]<div class=\"ult-content-box-container \" >\t<a class=\"ult-content-box-anchor\" href=\"https:\/\/laescuelaloprimero.cotec.es\/lelp1\/reto-9-como-incorporar-la-participacion-de-las-familias-en-los-procesos-de-ensenanza-y-aprendizaje\/\" title=\"RETO #9 \u00bfC\u00d3MO INCORPORAR LA PARTICIPACI\u00d3N DE LAS FAMILIAS EN LOS PROCESOS DE ENSE\u00d1ANZA Y APRENDIZAJE?\" >\t\t<div class=\"ult-content-box\" style=\"background-color:#aeffd1;box-shadow: px px px px none;padding-top:25px;padding-right:20px;padding-bottom:15px;padding-left:20px;min-height:235px;-webkit-transition: background 26ms ease;-moz-transition: background 26ms ease;-ms-transition: background 26ms ease;-o-transition: background 26ms ease;transition: background 26ms ease;\"  data-hover_bg_color=\"#e8ffee\"  data-hover_box_shadow=\" px px px px none\"  data-hover_border_color=\"#aeffd1\"     data-bg=\"#aeffd1\" >[vc_column_text]<span style=\"font-family: champion-htf; font-size: 28pt; color: #000000;\">#9<\/span><\/p>\n<h4><span style=\"font-family: champion-htf-middle; font-size: 13pt;\"><span style=\"color: #000000;\">\u00bfC\u00d3MO INCORPORAR LA PARTICIPACI\u00d3N DE LAS FAMILIAS EN EL PROCESO DE ENSE\u00d1ANZA &#8211; APRENDIZAJE?<\/span><br \/>\n<\/span><\/h4>\n<p>[\/vc_column_text]\t\t<\/div>\t<\/a><\/div>[\/vc_column][vc_column width=\u00bb1\/5&#8243;]<div class=\"ult-content-box-container \" >\t<a class=\"ult-content-box-anchor\" href=\"https:\/\/laescuelaloprimero.cotec.es\/lelp1\/reto-10-cual-es-la-estructura-basica-del-plan-de-acogida-en-la-nueva-presencialidad\" title=\"RETO #10 \u00bfCU\u00c1L ES LA ESTRUCTURA B\u00c1SICA DEL PLAN DE ACOGIDA EN LA NUEVA PRESENCIALIDAD?\" >\t\t<div class=\"ult-content-box\" style=\"background-color:#ffb7c3;box-shadow: px px px px none;padding-top:25px;padding-right:15px;padding-bottom:15px;padding-left:15px;min-height:235px;-webkit-transition: background 26ms ease;-moz-transition: background 26ms ease;-ms-transition: background 26ms ease;-o-transition: background 26ms ease;transition: background 26ms ease;\"  data-hover_bg_color=\"#ffe0e4\"  data-hover_box_shadow=\" px px px px none\"  data-hover_border_color=\"#ffb7c3\"     data-bg=\"#ffb7c3\" >[vc_column_text]<span style=\"font-size: 28pt; font-family: champion-htf; color: #000000;\">#10<\/span><\/p>\n<h4><span style=\"font-family: champion-htf-middle; font-size: 13pt; color: #000000;\">\u00bfCU\u00c1L ES LA ESTRUCTURA B\u00c1SICA DEL PLAN DE ACOGIDA EN LA NUEVA PRESENCIALIDAD? <\/span><\/h4>\n<p>[\/vc_column_text]\t\t<\/div>\t<\/a><\/div>[\/vc_column][\/vc_row][vc_row][vc_column offset=\u00bbvc_hidden-lg vc_hidden-md vc_hidden-sm vc_hidden-xs\u00bb][vc_empty_space]<div class=\" ubtn-ctn-left \"><button type=\"button\" id=\"ubtn-9075\"  class=\"ubtn ult-adjust-bottom-margin ult-responsive ubtn-mini ubtn-no-hover-bg  none  ubtn-left   tooltip-69edf50077023\"  data-hover=\"\" data-border-color=\"\" data-bg=\"#00ff00\" data-hover-bg=\"\" data-border-hover=\"\" data-shadow-hover=\"\" data-shadow-click=\"none\" data-shadow=\"\" data-shd-shadow=\"\"  data-ultimate-target='#ubtn-9075'  data-responsive-json-new='{\"font-size\":\"desktop:45px;mobile_landscape:35px;\",\"line-height\":\"\"}'  style=\"font-weight:normal;border:none;background: #00ff00;color: #000000;\"><span class=\"ubtn-hover\" style=\"background-color:\"><\/span><span class=\"ubtn-data ubtn-text \" >#LAESCUELAENLADESESCALADA<\/span><\/button><\/div>[\/vc_column][\/vc_row][vc_row][vc_column][vc_empty_space][\/vc_column][\/vc_row][vc_row gap=\u00bb10&#8243; content_placement=\u00bbmiddle\u00bb bg_type=\u00bbbg_color\u00bb css=\u00bb.vc_custom_1602310728473{margin-top: -50px !important;margin-left: 2px !important;padding-top: 15px !important;}\u00bb bg_color_value=\u00bb#ffffff\u00bb][vc_column width=\u00bb3\/4&#8243; offset=\u00bbvc_hidden-lg vc_hidden-md vc_hidden-sm vc_hidden-xs\u00bb]<div id=\"ultimate-heading-777869edf5007707a\" class=\"uvc-heading ult-adjust-bottom-margin ultimate-heading-777869edf5007707a uvc-4555 \" data-hspacer=\"no_spacer\"  data-halign=\"center\" style=\"text-align:center\"><div class=\"uvc-heading-spacer no_spacer\" style=\"top\"><\/div><div class=\"uvc-main-heading ult-responsive\"  data-ultimate-target='.uvc-heading.ultimate-heading-777869edf5007707a h4'  data-responsive-json-new='{\"font-size\":\"desktop:37px;mobile_landscape:28px;\",\"line-height\":\"desktop:38px;mobile_landscape:28px;\"}' ><h4 style=\"--font-weight:theme;color:#000000;margin-top:-25px;margin-bottom:10px;\">NUEVA CONVOCATORIA hasta el 9 de octubre<\/h4><\/div><\/div>[\/vc_column][vc_column width=\u00bb1\/4&#8243; offset=\u00bbvc_hidden-lg vc_hidden-md vc_hidden-sm vc_hidden-xs\u00bb][vc_btn title=\u00bbPARTICIPA\u00bb style=\u00bboutline-custom\u00bb outline_custom_color=\u00bb#000000&#8243; outline_custom_hover_background=\u00bb#ffffff\u00bb outline_custom_hover_text=\u00bb#000000&#8243; shape=\u00bbsquare\u00bb size=\u00bblg\u00bb align=\u00bbcenter\u00bb i_icon_fontawesome=\u00bbfas fa-caret-right\u00bb add_icon=\u00bbtrue\u00bb link=\u00bburl:https%3A%2F%2Flaescuelaloprimero.cotec.es %2lelp1%2Fparticipa%2F|title:ap%C3%BAntate\u00bb][\/vc_column][\/vc_row]<\/p>\n","protected":false},"excerpt":{"rendered":"<p>[vc_row gap=\u00bb35&#8243; equal_height=\u00bbyes\u00bb content_placement=\u00bbtop\u00bb bg_type=\u00bbbg_color\u00bb css=\u00bb.vc_custom_1598521741464{margin-top: -50px !important;margin-left: 2px !important;}\u00bb bg_color_value=\u00bb#c2f4ff\u00bb][vc_column][\/vc_column][\/vc_row][vc_row content_placement=\u00bbmiddle\u00bb][vc_column offset=\u00bbvc_hidden-lg vc_hidden-md vc_hidden-sm vc_hidden-xs\u00bb][vc_empty_space][vc_column_text css=\u00bb.vc_custom_1599035368371{padding-top: 10px !important;padding-right: 10px !important;padding-bottom: 10px !important;padding-left: 10px !important;background-color: #ffffff !important;}\u00bb]&#8216;La Escuela en Desescalada&#8217; es un laboratorio de innovaci\u00f3n educativa focalizado en el \u00a0acompa\u00f1amiento y cocreaci\u00f3n entre docentes. Se articula en torno al trabajo en equipos vinculados a retos,&hellip;<\/p>\n","protected":false},"author":1,"featured_media":0,"parent":0,"menu_order":0,"comment_status":"closed","ping_status":"open","template":"","meta":[],"yoast_head":"<!-- This site is optimized with the Yoast SEO plugin v19.6.1 - https:\/\/yoast.com\/wordpress\/plugins\/seo\/ -->\n<title>Retos - Cotec<\/title>\n<meta name=\"robots\" content=\"index, follow, max-snippet:-1, max-image-preview:large, max-video-preview:-1\" \/>\n<link rel=\"canonical\" href=\"https:\/\/laescuelaloprimero.cotec.es\/lelp1\/retos\/\" \/>\n<meta property=\"og:locale\" content=\"es_ES\" \/>\n<meta property=\"og:type\" content=\"article\" \/>\n<meta property=\"og:title\" content=\"Retos - Cotec\" \/>\n<meta property=\"og:description\" content=\"[vc_row gap=\u00bb35&#8243; equal_height=\u00bbyes\u00bb content_placement=\u00bbtop\u00bb bg_type=\u00bbbg_color\u00bb css=\u00bb.vc_custom_1598521741464{margin-top: -50px !important;margin-left: 2px !important;}\u00bb bg_color_value=\u00bb#c2f4ff\u00bb][vc_column][\/vc_column][\/vc_row][vc_row content_placement=\u00bbmiddle\u00bb][vc_column offset=\u00bbvc_hidden-lg vc_hidden-md vc_hidden-sm vc_hidden-xs\u00bb][vc_empty_space][vc_column_text css=\u00bb.vc_custom_1599035368371{padding-top: 10px !important;padding-right: 10px !important;padding-bottom: 10px !important;padding-left: 10px !important;background-color: #ffffff !important;}\u00bb]&#8216;La Escuela en Desescalada&#8217; es un laboratorio de innovaci\u00f3n educativa focalizado en el \u00a0acompa\u00f1amiento y cocreaci\u00f3n entre docentes. Se articula en torno al trabajo en equipos vinculados a retos,&hellip;\" \/>\n<meta property=\"og:url\" content=\"https:\/\/laescuelaloprimero.cotec.es\/lelp1\/retos\/\" \/>\n<meta property=\"og:site_name\" content=\"Cotec\" \/>\n<meta property=\"article:modified_time\" content=\"2022-09-14T11:40:47+00:00\" \/>\n<meta name=\"twitter:card\" content=\"summary_large_image\" \/>\n<meta name=\"twitter:label1\" content=\"Tiempo de lectura\" \/>\n\t<meta name=\"twitter:data1\" content=\"3 minutos\" \/>\n<script type=\"application\/ld+json\" class=\"yoast-schema-graph\">{\"@context\":\"https:\/\/schema.org\",\"@graph\":[{\"@type\":\"WebPage\",\"@id\":\"https:\/\/laescuelaloprimero.cotec.es\/lelp1\/retos\/\",\"url\":\"https:\/\/laescuelaloprimero.cotec.es\/lelp1\/retos\/\",\"name\":\"Retos - Cotec\",\"isPartOf\":{\"@id\":\"https:\/\/laescuelaloprimero.cotec.es\/lelp1\/#website\"},\"datePublished\":\"2020-08-14T07:03:32+00:00\",\"dateModified\":\"2022-09-14T11:40:47+00:00\",\"breadcrumb\":{\"@id\":\"https:\/\/laescuelaloprimero.cotec.es\/lelp1\/retos\/#breadcrumb\"},\"inLanguage\":\"es\",\"potentialAction\":[{\"@type\":\"ReadAction\",\"target\":[\"https:\/\/laescuelaloprimero.cotec.es\/lelp1\/retos\/\"]}]},{\"@type\":\"BreadcrumbList\",\"@id\":\"https:\/\/laescuelaloprimero.cotec.es\/lelp1\/retos\/#breadcrumb\",\"itemListElement\":[{\"@type\":\"ListItem\",\"position\":1,\"name\":\"Portada\",\"item\":\"https:\/\/laescuelaloprimero.cotec.es\/lelp1\/\"},{\"@type\":\"ListItem\",\"position\":2,\"name\":\"Retos\"}]},{\"@type\":\"WebSite\",\"@id\":\"https:\/\/laescuelaloprimero.cotec.es\/lelp1\/#website\",\"url\":\"https:\/\/laescuelaloprimero.cotec.es\/lelp1\/\",\"name\":\"Cotec\",\"description\":\"\",\"potentialAction\":[{\"@type\":\"SearchAction\",\"target\":{\"@type\":\"EntryPoint\",\"urlTemplate\":\"https:\/\/laescuelaloprimero.cotec.es\/lelp1\/?s={search_term_string}\"},\"query-input\":\"required name=search_term_string\"}],\"inLanguage\":\"es\"}]}<\/script>\n<!-- \/ Yoast SEO plugin. -->","yoast_head_json":{"title":"Retos - Cotec","robots":{"index":"index","follow":"follow","max-snippet":"max-snippet:-1","max-image-preview":"max-image-preview:large","max-video-preview":"max-video-preview:-1"},"canonical":"https:\/\/laescuelaloprimero.cotec.es\/lelp1\/retos\/","og_locale":"es_ES","og_type":"article","og_title":"Retos - Cotec","og_description":"[vc_row gap=\u00bb35&#8243; equal_height=\u00bbyes\u00bb content_placement=\u00bbtop\u00bb bg_type=\u00bbbg_color\u00bb css=\u00bb.vc_custom_1598521741464{margin-top: -50px !important;margin-left: 2px !important;}\u00bb bg_color_value=\u00bb#c2f4ff\u00bb][vc_column][\/vc_column][\/vc_row][vc_row content_placement=\u00bbmiddle\u00bb][vc_column offset=\u00bbvc_hidden-lg vc_hidden-md vc_hidden-sm vc_hidden-xs\u00bb][vc_empty_space][vc_column_text css=\u00bb.vc_custom_1599035368371{padding-top: 10px !important;padding-right: 10px !important;padding-bottom: 10px !important;padding-left: 10px !important;background-color: #ffffff !important;}\u00bb]&#8216;La Escuela en Desescalada&#8217; es un laboratorio de innovaci\u00f3n educativa focalizado en el \u00a0acompa\u00f1amiento y cocreaci\u00f3n entre docentes. Se articula en torno al trabajo en equipos vinculados a retos,&hellip;","og_url":"https:\/\/laescuelaloprimero.cotec.es\/lelp1\/retos\/","og_site_name":"Cotec","article_modified_time":"2022-09-14T11:40:47+00:00","twitter_card":"summary_large_image","twitter_misc":{"Tiempo de lectura":"3 minutos"},"schema":{"@context":"https:\/\/schema.org","@graph":[{"@type":"WebPage","@id":"https:\/\/laescuelaloprimero.cotec.es\/lelp1\/retos\/","url":"https:\/\/laescuelaloprimero.cotec.es\/lelp1\/retos\/","name":"Retos - Cotec","isPartOf":{"@id":"https:\/\/laescuelaloprimero.cotec.es\/lelp1\/#website"},"datePublished":"2020-08-14T07:03:32+00:00","dateModified":"2022-09-14T11:40:47+00:00","breadcrumb":{"@id":"https:\/\/laescuelaloprimero.cotec.es\/lelp1\/retos\/#breadcrumb"},"inLanguage":"es","potentialAction":[{"@type":"ReadAction","target":["https:\/\/laescuelaloprimero.cotec.es\/lelp1\/retos\/"]}]},{"@type":"BreadcrumbList","@id":"https:\/\/laescuelaloprimero.cotec.es\/lelp1\/retos\/#breadcrumb","itemListElement":[{"@type":"ListItem","position":1,"name":"Portada","item":"https:\/\/laescuelaloprimero.cotec.es\/lelp1\/"},{"@type":"ListItem","position":2,"name":"Retos"}]},{"@type":"WebSite","@id":"https:\/\/laescuelaloprimero.cotec.es\/lelp1\/#website","url":"https:\/\/laescuelaloprimero.cotec.es\/lelp1\/","name":"Cotec","description":"","potentialAction":[{"@type":"SearchAction","target":{"@type":"EntryPoint","urlTemplate":"https:\/\/laescuelaloprimero.cotec.es\/lelp1\/?s={search_term_string}"},"query-input":"required name=search_term_string"}],"inLanguage":"es"}]}},"_links":{"self":[{"href":"https:\/\/laescuelaloprimero.cotec.es\/lelp1\/wp-json\/wp\/v2\/pages\/85"}],"collection":[{"href":"https:\/\/laescuelaloprimero.cotec.es\/lelp1\/wp-json\/wp\/v2\/pages"}],"about":[{"href":"https:\/\/laescuelaloprimero.cotec.es\/lelp1\/wp-json\/wp\/v2\/types\/page"}],"author":[{"embeddable":true,"href":"https:\/\/laescuelaloprimero.cotec.es\/lelp1\/wp-json\/wp\/v2\/users\/1"}],"replies":[{"embeddable":true,"href":"https:\/\/laescuelaloprimero.cotec.es\/lelp1\/wp-json\/wp\/v2\/comments?post=85"}],"version-history":[{"count":51,"href":"https:\/\/laescuelaloprimero.cotec.es\/lelp1\/wp-json\/wp\/v2\/pages\/85\/revisions"}],"predecessor-version":[{"id":1483,"href":"https:\/\/laescuelaloprimero.cotec.es\/lelp1\/wp-json\/wp\/v2\/pages\/85\/revisions\/1483"}],"wp:attachment":[{"href":"https:\/\/laescuelaloprimero.cotec.es\/lelp1\/wp-json\/wp\/v2\/media?parent=85"}],"curies":[{"name":"wp","href":"https:\/\/api.w.org\/{rel}","templated":true}]}}